{"id":3028,"date":"2019-11-25T10:58:33","date_gmt":"2019-11-25T10:58:33","guid":{"rendered":"https:\/\/momaa.es\/programatico\/"},"modified":"2020-09-03T09:58:45","modified_gmt":"2020-09-03T09:58:45","slug":"programatico","status":"publish","type":"page","link":"https:\/\/momaa.es\/en\/programatico\/","title":{"rendered":"PROGRAMMATIC"},"content":{"rendered":"\t\t<div data-elementor-type=\"wp-page\" data-elementor-id=\"3028\" class=\"elementor elementor-3028 elementor-1552\" data-elementor-settings=\"[]\">\n\t\t\t\t\t\t<div class=\"elementor-inner\">\n\t\t\t\t\t\t\t<div class=\"elementor-section-wrap\">\n\t\t\t\t\t\t\t<section class=\"elementor-section elementor-top-section elementor-element elementor-element-28cfb6d proyectos elementor-section-boxed elementor-section-height-default elementor-section-height-default\" data-id=\"28cfb6d\" data-element_type=\"section\">\n\t\t\t\t\t\t<div class=\"elementor-container elementor-column-gap-default\">\n\t\t\t\t\t\t\t<div class=\"elementor-row\">\n\t\t\t\t\t<div class=\"elementor-column elementor-col-100 elementor-top-column elementor-element elementor-element-caf7a50\" data-id=\"caf7a50\" data-element_type=\"column\">\n\t\t\t<div class=\"elementor-column-wrap elementor-element-populated\">\n\t\t\t\t\t\t\t<div class=\"elementor-widget-wrap\">\n\t\t\t\t\t\t<div class=\"elementor-element elementor-element-427e750 elementor-widget elementor-widget-shortcode\" data-id=\"427e750\" data-element_type=\"widget\" data-widget_type=\"shortcode.default\">\n\t\t\t\t<div class=\"elementor-widget-container\">\n\t\t\t\t\t<div class=\"elementor-shortcode\"><!-- The Grid Plugin Version 2.2.0 --><!-- The Grid Wrapper Start --><div class=\"tg-grid-wrapper tg-txt full-height\" id=\"grid-3038\" data-version=\"2.2.0\"><!-- The Grid Styles --><style class=\"tg-grid-styles\" type=\"text\/css\" scoped>#grid-3038 .tg-nav-color:not(.dots):not(.tg-dropdown-value):not(.tg-dropdown-title):hover,#grid-3038 .tg-nav-color:hover .tg-nav-color,#grid-3038 .tg-page-number.tg-page-current,#grid-3038 .tg-filter.tg-filter-active span{color:#ff9900}#grid-3038 .tg-filter:before,#grid-3038 .tg-filter.tg-filter-active:before{color:#ff9900}#grid-3038 .tg-dropdown-holder,#grid-3038 .tg-search-inner,#grid-3038 .tg-sorter-order{border:1px solid #FFDDAA}#grid-3038 .tg-search-clear,#grid-3038 .tg-search-clear:hover{border:none;border-left:1px solid #FFDDAA}.tg-txt .tg-nav-font,.tg-txt input[type=text].tg-search{font-size:14px;font-weight:600}.tg-txt .tg-search::-webkit-input-placeholder{font-size:14px}.tg-txt .tg-search::-moz-placeholder{font-size:14px}.tg-txt .tg-search:-ms-input-placeholder{font-size:14px}.tg-txt .tg-icon-left-arrow:before{content:\"\\e604\";font-size:32px;font-weight:100}.tg-txt .tg-icon-right-arrow:before{content:\"\\e602\";font-size:32px;font-weight:100}.tg-txt .tg-icon-dropdown-open:before,.tg-txt .tg-icon-sorter-down:before{content:\"\\e60a\"}.tg-txt .tg-icon-sorter-up:before{content:\"\\e609\"}.tg-txt .tg-search-clear:before{content:\"\\e611\";font-weight:300}.tg-txt .tg-search-icon:before{content:\"\\e62e\";font-size:16px;font-weight:600}#grid-3038 .tg-nav-color,#grid-3038 .tg-search-icon:hover:before,#grid-3038 .tg-search-icon:hover input,#grid-3038 .tg-disabled:hover .tg-icon-left-arrow,#grid-3038 .tg-disabled:hover .tg-icon-right-arrow,#grid-3038 .tg-dropdown-title.tg-nav-color:hover{color:#ff9900}#grid-3038 input.tg-search:hover{color:#ff9900 !important}#grid-3038 input.tg-search::-webkit-input-placeholder{color:#ff9900}#grid-3038 input.tg-search::-moz-placeholder{color:#ff9900;opacity:1}#grid-3038 input.tg-search:-ms-input-placeholder{color:#ff9900}.grid-3038 .tg-dropdown-item{color:#777777;background:#ffffff}.grid-3038 .tg-filter-active,.grid-3038 .tg-dropdown-item:hover{color:#444444;background:#f5f6fa}#grid-3038 .tg-slider-bullets li.tg-active-item span{background:#59585b}#grid-3038 .tg-slider-bullets li span{background:#DDDDDD}#grid-3038 .tg-grid-area-bottom2{margin-top:20px;margin-bottom:10px;text-align:center}.brasilia a,.brasilia a:active,.brasilia a:focus{text-decoration:none;border:none;-webkit-box-shadow:none;box-shadow:none;-webkit-transition:opacity 0.25s ease,color 0.25s ease,-webkit-transform 0.5s cubic-bezier(.39,1.89,.55,1.45);-moz-transition:opacity 0.25s ease,color 0.25s ease,-moz-transform 0.5s cubic-bezier(.39,1.89,.55,1.45);-ms-transition:opacity 0.25s ease,color 0.25s ease,-ms-transform 0.5s cubic-bezier(.39,1.89,.55,1.45);-o-transition:opacity 0.25s ease,color 0.25s ease,-o-transform 0.5s cubic-bezier(.39,1.89,.55,1.45);transition:opacity 0.25s ease,color 0.25s ease,transform 0.5s cubic-bezier(.39,1.89,.55,1.45)}.brasilia .tg-item-content,.brasilia .tg-item-media-holder,.brasilia .tg-item-overlay{position:absolute;display:block;top:0;left:0;bottom:0;right:0}.brasilia .tg-item-link{position:absolute;display:block;top:-22px;left:-28px;right:-28px;bottom:-22px}.brasilia .tg-item-content{margin:22px 28px}.brasilia .tg-item-content,.brasilia .tg-item-overlay{opacity:0}.brasilia:hover .tg-item-content,.brasilia:hover .tg-item-overlay{opacity:1}.brasilia .tg-cats-holder,.brasilia .tg-item-title,.brasilia .tg-item-footer{-webkit-transition:-webkit-transform 0.25s ease;-moz-transition:-moz-transform 0.25s ease;-ms-transition:-ms-transform 0.25s ease;-o-transition:-o-transform 0.25s ease;transition:transform 0.25s ease}.brasilia .tg-item-title,.brasilia .tg-item-title a{position:relative;display:inline-block;font-size:20px;line-height:26px;font-weight:600;margin:0 !important;padding:0 !important}.tg-layout-justified .brasilia .tg-item-title,.tg-layout-justified .brasilia .tg-item-title a{font-size:15px;line-height:18px}.brasilia .tg-item-title{margin:0 20px 0 0 !important}.brasilia .tg-item-title{-webkit-transform:translate3d(0,22px,0);-moz-transform:translate3d(0,22px,0);-ms-transform:translate3d(0,22px,0);-o-transform:translate3d(0,22px,0);transform:translate3d(0,22px,0)}.brasilia .tg-cats-holder{position:relative;display:block;margin:0 0 10px 0;font-size:13px;line-height:18px}.brasilia .tg-cats-holder{position:relative;display:block;margin:0 0 10px 0;font-size:13px;line-height:18px;-webkit-transform:translate3d(0,-22px,0);-moz-transform:translate3d(0,-22px,0);-ms-transform:translate3d(0,-22px,0);-o-transform:translate3d(0,-22px,0);transform:translate3d(0,-22px,0)}.brasilia .tg-item-footer{position:absolute;display:block;bottom:0;left:0;right:0}.brasilia:hover .tg-cats-holder,.brasilia:hover .tg-item-title{-webkit-transform:translate3d(0,0,0);-moz-transform:translate3d(0,0,0);-ms-transform:translate3d(0,0,0);-o-transform:translate3d(0,0,0);transform:translate3d(0,0,0)}.brasilia .tg-item-author{position:absolute;display:block;bottom:0;left:0;font-size:13px;line-height:13px;font-weight:600}.brasilia .tg-media-button{position:absolute;display:block;bottom:0;right:0;width:20px;height:20px;cursor:pointer;text-align:center}.brasilia h2 a:hover,.brasilia .tg-cats-holder a:hover,.brasilia .tg-media-button:hover{opacity:0.75}.brasilia .tg-media-button i{position:relative;display:block;width:20px;height:20px;font-size:20px;line-height:20px;cursor:pointer}.brasilia .tg-media-button .tg-icon-add{font-size:28px}.tg-item .tg-dark div,.tg-item .tg-dark h1,.tg-item .tg-dark h1 a,.tg-item .tg-dark h2,.tg-item .tg-dark h2 a,.tg-item .tg-dark h3,.tg-item .tg-dark h3 a,.tg-item .tg-dark h4,.tg-item .tg-dark h4 a,.tg-item .tg-dark h5,.tg-item .tg-dark h5 a,.tg-item .tg-dark h6,.tg-item .tg-dark h6 a,.tg-item .tg-dark a,.tg-item .tg-dark a.tg-link-url,.tg-item .tg-dark i,.tg-item .tg-dark .tg-media-button,.tg-item .tg-dark .tg-item-price span{color:#444444;fill:#444444;stroke:#444444;border-color:#444444}.tg-item .tg-dark p,.tg-item .tg-dark ol,.tg-item .tg-dark ul,.tg-item .tg-dark li{color:#777777;fill:#777777;stroke:#777777;border-color:#777777}.tg-item .tg-dark span,.tg-item .tg-dark .no-liked .to-heart-icon path,.tg-item .tg-dark .empty-heart .to-heart-icon path,.tg-item .tg-dark .tg-item-comment i,.tg-item .tg-dark .tg-item-price del span{color:#999999;fill:#999999;stroke:#999999;border-color:#999999}.tg-item .tg-light div,.tg-item .tg-light h1,.tg-item .tg-light h1 a,.tg-item .tg-light h2,.tg-item .tg-light h2 a,.tg-item .tg-light h3,.tg-item .tg-light h3 a,.tg-item .tg-light h4,.tg-item .tg-light h4 a,.tg-item .tg-light h5,.tg-item .tg-light h5 a,.tg-item .tg-light h6,.tg-item .tg-light h6 a,.tg-item .tg-light a,.tg-item .tg-light a.tg-link-url,.tg-item .tg-light i,.tg-item .tg-light .tg-media-button,.tg-item .tg-light .tg-item-price span{color:#ffffff;fill:#ffffff;stroke:#ffffff;border-color:#ffffff}.tg-item .tg-light p,.tg-item .tg-light ol,.tg-item .tg-light ul,.tg-item .tg-light li{color:#f5f5f5;fill:#f5f5f5;stroke:#f5f5f5;border-color:#f5f5f5}.tg-item .tg-light span,.tg-item .tg-light .no-liked .to-heart-icon path,.tg-item .tg-light .empty-heart .to-heart-icon path,.tg-item .tg-light .tg-item-comment i,.tg-item .tg-light .tg-item-price del span{color:#f6f6f6;fill:#f6f6f6;stroke:#f6f6f6;border-color:#f6f6f6}#grid-3038 .tg-item-content-holder{background-color:#ffffff}#grid-3038 .tg-item-overlay{background-color:rgba(22,22,22,0.65)}.brasilia .tg-cats-holder{margin:0px 0 7px 0;font-size:10px;line-height:5px}.brasilia .tg-media-button{display:none !important}.brasilia .tg-item-title{margin:0 0px 0 0 !important}.tg-filter.tg-nav-color.tg-nav-border.tg-nav-font.tg-show-filter.tg-filter-active span{text-decoration:underline}.tg-filter.tg-nav-color.tg-nav-border.tg-nav-font.tg-show-filter span:hover{text-decoration:underline}.tg-filter{margin:0 4%}.tg-filters-holder{width:100%}.tg-grid-area-top1{padding-bottom:10px}<\/style><!-- The Grid Item Sizer --><div class=\"tg-grid-sizer\"><\/div><!-- The Grid Gutter Sizer --><div class=\"tg-gutter-sizer\"><\/div><!-- The Grid Items Holder --><div class=\"tg-grid-holder tg-layout-grid\"  data-name=\"PROGRAMATICO EN\"  data-style=\"grid\" data-row=\"1\" data-layout=\"vertical\" data-rtl=\"\" data-fitrows=\"\" data-filtercomb=\"\" data-filterlogic=\"AND\" data-filterload =\"\" data-sortbyload =\"\" data-orderload =\"false\" data-fullwidth=\"\" data-fullheight=\"null\" data-gutters=\"[[320,0],[480,0],[768,0],[980,0],[1200,0],[9999,0]]\" data-slider='{\"itemNav\":\"null\",\"swingSpeed\":0.1,\"cycleBy\":\"null\",\"cycle\":5000,\"startAt\":1}' data-ratio=\"1.00\" data-cols=\"[[320,&quot;2&quot;],[480,&quot;3&quot;],[768,&quot;6&quot;],[980,&quot;8&quot;],[1200,&quot;10&quot;],[9999,&quot;10&quot;]]\" data-rows=\"[[320,200],[480,200],[768,220],[980,220],[1200,240],[9999,240]]\" data-animation=\"{&quot;name&quot;:&quot;Fade in&quot;,&quot;visible&quot;:&quot;&quot;,&quot;hidden&quot;:&quot;&quot;}\" data-transition=\"700ms\" data-ajaxmethod=\"\" data-ajaxdelay=\"100\" data-preloader=\"\" data-itemdelay=\"100\" data-gallery=\"\" data-ajax=\"\"><!-- The Grid item #1 --><article class=\"tg-item tg-post-78 brasilia f48 f42 f43\" data-date=\"959418155\" data-row=\"1\" data-col=\"1\"><div class=\"tg-item-inner\"><div class=\"tg-item-media-holder tg-light\"><div class=\"tg-item-media-inner\"><div class=\"tg-item-image\" style=\"background-image: url(https:\/\/momaa.es\/wp-content\/uploads\/2000\/05\/DSC00718-e1459326791135.jpg)\"><\/div><\/div><div class=\"tg-item-overlay\"><\/div><div class=\"tg-item-content\"><a class=\"tg-item-link\" href=\"https:\/\/momaa.es\/en\/villa-loriana\/\" target=\"_self\"><\/a><span class=\"tg-cats-holder\"><a class=\"category\" href=\"https:\/\/momaa.es\/en\/category\/2000-en\/\" rel=\"category\"><span class=\"tg-item-term\" >2000<\/span><\/a><span>, <\/span><a class=\"category\" href=\"https:\/\/momaa.es\/en\/category\/projects\/\" rel=\"category\"><span class=\"tg-item-term\" >Projects<\/span><\/a><span>, <\/span><a class=\"category\" href=\"https:\/\/momaa.es\/en\/category\/residential\/\" rel=\"category\"><span class=\"tg-item-term\" >RESIDENTIAL<\/span><\/a><\/span><h2 class=\"tg-item-title\"><a href=\"https:\/\/momaa.es\/en\/villa-loriana\/\" target=\"_self\">Villa Loriana, Marbella Golden Mile<\/a><\/h2><div class=\"tg-item-footer\"><span class=\"tg-item-author\"><a href=\"https:\/\/momaa.es\/en\/author\/nubeseo\/\" target=\"_self\" style=\"color:#ffffff\">amateof<\/a><\/span><a id=\"tolb-303878\" class=\"tg-media-button\" data-tolb-src=\"https:\/\/momaa.es\/wp-content\/uploads\/2000\/05\/DSC00718-e1459326791135.jpg\" data-tolb-type=\"image\" data-tolb-alt=\"Villa Loriana\"><i class=\"tg-icon-add\"><\/i><\/a><\/div><\/div><\/div><\/div><\/article><!-- The Grid item #2 --><article class=\"tg-item tg-post-317 brasilia f50 f42 f43\" data-date=\"1012719969\" data-row=\"1\" data-col=\"1\"><div class=\"tg-item-inner\"><div class=\"tg-item-media-holder tg-light\"><div class=\"tg-item-media-inner\"><div class=\"tg-item-image\" style=\"background-image: url(https:\/\/momaa.es\/wp-content\/uploads\/2006\/02\/villa-hermes.jpg)\"><\/div><\/div><div class=\"tg-item-overlay\"><\/div><div class=\"tg-item-content\"><a class=\"tg-item-link\" href=\"https:\/\/momaa.es\/en\/club-golf-resort\/\" target=\"_self\"><\/a><span class=\"tg-cats-holder\"><a class=\"category\" href=\"https:\/\/momaa.es\/en\/category\/2002-en\/\" rel=\"category\"><span class=\"tg-item-term\" >2002<\/span><\/a><span>, <\/span><a class=\"category\" href=\"https:\/\/momaa.es\/en\/category\/projects\/\" rel=\"category\"><span class=\"tg-item-term\" >Projects<\/span><\/a><span>, <\/span><a class=\"category\" href=\"https:\/\/momaa.es\/en\/category\/residential\/\" rel=\"category\"><span class=\"tg-item-term\" >RESIDENTIAL<\/span><\/a><\/span><h2 class=\"tg-item-title\"><a href=\"https:\/\/momaa.es\/en\/club-golf-resort\/\" target=\"_self\">Hermes Mansi\u00f3n, Marbella Golf Resort<\/a><\/h2><div class=\"tg-item-footer\"><span class=\"tg-item-author\"><a href=\"https:\/\/momaa.es\/en\/author\/nubeseo\/\" target=\"_self\" style=\"color:#ffffff\">amateof<\/a><\/span><a id=\"tolb-3038317\" class=\"tg-media-button\" data-tolb-src=\"https:\/\/momaa.es\/wp-content\/uploads\/2006\/02\/villa-hermes.jpg\" data-tolb-type=\"image\" data-tolb-alt=\"VILLA HERMES MANSION\"><i class=\"tg-icon-add\"><\/i><\/a><\/div><\/div><\/div><\/div><\/article><!-- The Grid item #3 --><article class=\"tg-item tg-post-838 brasilia f56 f42 f43\" data-date=\"1046616536\" data-row=\"1\" data-col=\"1\"><div class=\"tg-item-inner\"><div class=\"tg-item-media-holder tg-light\"><div class=\"tg-item-media-inner\"><div class=\"tg-item-image\" style=\"background-image: url(https:\/\/momaa.es\/wp-content\/uploads\/2011\/03\/Obra-Ken-Moss-Interior-2.jpg)\"><\/div><\/div><div class=\"tg-item-overlay\"><\/div><div class=\"tg-item-content\"><a class=\"tg-item-link\" href=\"https:\/\/momaa.es\/en\/alicates-playas-35\/\" target=\"_self\"><\/a><span class=\"tg-cats-holder\"><a class=\"category\" href=\"https:\/\/momaa.es\/en\/category\/2003-en\/\" rel=\"category\"><span class=\"tg-item-term\" >2003<\/span><\/a><span>, <\/span><a class=\"category\" href=\"https:\/\/momaa.es\/en\/category\/projects\/\" rel=\"category\"><span class=\"tg-item-term\" >Projects<\/span><\/a><span>, <\/span><a class=\"category\" href=\"https:\/\/momaa.es\/en\/category\/residential\/\" rel=\"category\"><span class=\"tg-item-term\" >RESIDENTIAL<\/span><\/a><\/span><h2 class=\"tg-item-title\"><a href=\"https:\/\/momaa.es\/en\/alicates-playas-35\/\" target=\"_self\">Villa en Alicates Playas, Marbella<\/a><\/h2><div class=\"tg-item-footer\"><span class=\"tg-item-author\"><a href=\"https:\/\/momaa.es\/en\/author\/nubeseo\/\" target=\"_self\" style=\"color:#ffffff\">amateof<\/a><\/span><a id=\"tolb-3038838\" class=\"tg-media-button\" data-tolb-src=\"https:\/\/momaa.es\/wp-content\/uploads\/2011\/03\/Obra-Ken-Moss-Interior-2.jpg\" data-tolb-type=\"image\" data-tolb-alt=\"Alicate playa marbella\"><i class=\"tg-icon-add\"><\/i><\/a><\/div><\/div><\/div><\/div><\/article><!-- The Grid item #4 --><article class=\"tg-item tg-post-371 brasilia f62 f42 f43\" data-date=\"1078307794\" data-row=\"1\" data-col=\"1\"><div class=\"tg-item-inner\"><div class=\"tg-item-media-holder tg-light\"><div class=\"tg-item-media-inner\"><div class=\"tg-item-image\" style=\"background-image: url(https:\/\/momaa.es\/wp-content\/uploads\/2011\/03\/2010-Los-Pinos-3.jpg)\"><\/div><\/div><div class=\"tg-item-overlay\"><\/div><div class=\"tg-item-content\"><a class=\"tg-item-link\" href=\"https:\/\/momaa.es\/en\/el-rosario-2011\/\" target=\"_self\"><\/a><span class=\"tg-cats-holder\"><a class=\"category\" href=\"https:\/\/momaa.es\/en\/category\/2004-en\/\" rel=\"category\"><span class=\"tg-item-term\" >2004<\/span><\/a><span>, <\/span><a class=\"category\" href=\"https:\/\/momaa.es\/en\/category\/projects\/\" rel=\"category\"><span class=\"tg-item-term\" >Projects<\/span><\/a><span>, <\/span><a class=\"category\" href=\"https:\/\/momaa.es\/en\/category\/residential\/\" rel=\"category\"><span class=\"tg-item-term\" >RESIDENTIAL<\/span><\/a><\/span><h2 class=\"tg-item-title\"><a href=\"https:\/\/momaa.es\/en\/el-rosario-2011\/\" target=\"_self\">Villa Olga<\/a><\/h2><div class=\"tg-item-footer\"><span class=\"tg-item-author\"><a href=\"https:\/\/momaa.es\/en\/author\/nubeseo\/\" target=\"_self\" style=\"color:#ffffff\">amateof<\/a><\/span><a id=\"tolb-3038371\" class=\"tg-media-button\" data-tolb-src=\"https:\/\/momaa.es\/wp-content\/uploads\/2011\/03\/2010-Los-Pinos-3.jpg\" data-tolb-type=\"image\" data-tolb-alt=\"VILLA OLGA - Los Pinos\"><i class=\"tg-icon-add\"><\/i><\/a><\/div><\/div><\/div><\/div><\/article><!-- The Grid item #5 --><article class=\"tg-item tg-post-68 brasilia f63 f42 f43\" data-date=\"1143442645\" data-row=\"1\" data-col=\"1\"><div class=\"tg-item-inner\"><div class=\"tg-item-media-holder tg-light\"><div class=\"tg-item-media-inner\"><div class=\"tg-item-image\" style=\"background-image: url(https:\/\/momaa.es\/wp-content\/uploads\/2007\/03\/villa-saraya.jpg)\"><\/div><\/div><div class=\"tg-item-overlay\"><\/div><div class=\"tg-item-content\"><a class=\"tg-item-link\" href=\"https:\/\/momaa.es\/en\/sierra-blanca\/\" target=\"_self\"><\/a><span class=\"tg-cats-holder\"><a class=\"category\" href=\"https:\/\/momaa.es\/en\/category\/2006-en\/\" rel=\"category\"><span class=\"tg-item-term\" >2006<\/span><\/a><span>, <\/span><a class=\"category\" href=\"https:\/\/momaa.es\/en\/category\/projects\/\" rel=\"category\"><span class=\"tg-item-term\" >Projects<\/span><\/a><span>, <\/span><a class=\"category\" href=\"https:\/\/momaa.es\/en\/category\/residential\/\" rel=\"category\"><span class=\"tg-item-term\" >RESIDENTIAL<\/span><\/a><\/span><h2 class=\"tg-item-title\"><a href=\"https:\/\/momaa.es\/en\/sierra-blanca\/\" target=\"_self\">Villa Saraya<\/a><\/h2><div class=\"tg-item-footer\"><span class=\"tg-item-author\"><a href=\"https:\/\/momaa.es\/en\/author\/nubeseo\/\" target=\"_self\" style=\"color:#ffffff\">amateof<\/a><\/span><a id=\"tolb-303868\" class=\"tg-media-button\" data-tolb-src=\"https:\/\/momaa.es\/wp-content\/uploads\/2007\/03\/villa-saraya.jpg\" data-tolb-type=\"image\" data-tolb-alt=\"VILLA SARAYA\"><i class=\"tg-icon-add\"><\/i><\/a><\/div><\/div><\/div><\/div><\/article><!-- The Grid item #6 --><article class=\"tg-item tg-post-917 brasilia f59 f42 f43\" data-date=\"1256040933\" data-row=\"1\" data-col=\"1\"><div class=\"tg-item-inner\"><div class=\"tg-item-media-holder tg-light\"><div class=\"tg-item-media-inner\"><div class=\"tg-item-image\" style=\"background-image: url(https:\/\/momaa.es\/wp-content\/uploads\/2015\/10\/Villa-Ocean-La-Carolina-amateof.com-2.jpg)\"><\/div><\/div><div class=\"tg-item-overlay\"><\/div><div class=\"tg-item-content\"><a class=\"tg-item-link\" href=\"https:\/\/momaa.es\/en\/cascada-de-camojan-5-6\/\" target=\"_self\"><\/a><span class=\"tg-cats-holder\"><a class=\"category\" href=\"https:\/\/momaa.es\/en\/category\/2009-en\/\" rel=\"category\"><span class=\"tg-item-term\" >2009<\/span><\/a><span>, <\/span><a class=\"category\" href=\"https:\/\/momaa.es\/en\/category\/projects\/\" rel=\"category\"><span class=\"tg-item-term\" >Projects<\/span><\/a><span>, <\/span><a class=\"category\" href=\"https:\/\/momaa.es\/en\/category\/residential\/\" rel=\"category\"><span class=\"tg-item-term\" >RESIDENTIAL<\/span><\/a><\/span><h2 class=\"tg-item-title\"><a href=\"https:\/\/momaa.es\/en\/cascada-de-camojan-5-6\/\" target=\"_self\">Villa Beata<\/a><\/h2><div class=\"tg-item-footer\"><span class=\"tg-item-author\"><a href=\"https:\/\/momaa.es\/en\/author\/nubeseo\/\" target=\"_self\" style=\"color:#ffffff\">amateof<\/a><\/span><a id=\"tolb-3038917\" class=\"tg-media-button\" data-tolb-src=\"https:\/\/momaa.es\/wp-content\/uploads\/2015\/10\/Villa-Ocean-La-Carolina-amateof.com-2.jpg\" data-tolb-type=\"image\" data-tolb-alt=\"Cascada Camojan - Villa Beata\"><i class=\"tg-icon-add\"><\/i><\/a><\/div><\/div><\/div><\/div><\/article><!-- The Grid item #7 --><article class=\"tg-item tg-post-773 brasilia f57 f42 f43\" data-date=\"1330773335\" data-row=\"1\" data-col=\"1\"><div class=\"tg-item-inner\"><div class=\"tg-item-media-holder tg-light\"><div class=\"tg-item-media-inner\"><div class=\"tg-item-image\" style=\"background-image: url(https:\/\/momaa.es\/wp-content\/uploads\/2008\/07\/villa-guadalmina-3.jpg)\"><\/div><\/div><div class=\"tg-item-overlay\"><\/div><div class=\"tg-item-content\"><a class=\"tg-item-link\" href=\"https:\/\/momaa.es\/en\/villa-travertino\/\" target=\"_self\"><\/a><span class=\"tg-cats-holder\"><a class=\"category\" href=\"https:\/\/momaa.es\/en\/category\/2012-en\/\" rel=\"category\"><span class=\"tg-item-term\" >2012<\/span><\/a><span>, <\/span><a class=\"category\" href=\"https:\/\/momaa.es\/en\/category\/projects\/\" rel=\"category\"><span class=\"tg-item-term\" >Projects<\/span><\/a><span>, <\/span><a class=\"category\" href=\"https:\/\/momaa.es\/en\/category\/residential\/\" rel=\"category\"><span class=\"tg-item-term\" >RESIDENTIAL<\/span><\/a><\/span><h2 class=\"tg-item-title\"><a href=\"https:\/\/momaa.es\/en\/villa-travertino\/\" target=\"_self\">Villa Travertino<\/a><\/h2><div class=\"tg-item-footer\"><span class=\"tg-item-author\"><a href=\"https:\/\/momaa.es\/en\/author\/nubeseo\/\" target=\"_self\" style=\"color:#ffffff\">amateof<\/a><\/span><a id=\"tolb-3038773\" class=\"tg-media-button\" data-tolb-src=\"https:\/\/momaa.es\/wp-content\/uploads\/2008\/07\/villa-guadalmina-3.jpg\" data-tolb-type=\"image\" data-tolb-alt=\"VILLA TRAVERTINO - guadalmina\"><i class=\"tg-icon-add\"><\/i><\/a><\/div><\/div><\/div><\/div><\/article><!-- The Grid item #8 --><article class=\"tg-item tg-post-754 brasilia f55 f42 f43\" data-date=\"1406969267\" data-row=\"1\" data-col=\"1\"><div class=\"tg-item-inner\"><div class=\"tg-item-media-holder tg-light\"><div class=\"tg-item-media-inner\"><div class=\"tg-item-image\" style=\"background-image: url(https:\/\/momaa.es\/wp-content\/uploads\/2015\/09\/1-Zagaleta.jpg)\"><\/div><\/div><div class=\"tg-item-overlay\"><\/div><div class=\"tg-item-content\"><a class=\"tg-item-link\" href=\"https:\/\/momaa.es\/en\/la-zagaleta-c-2-25\/\" target=\"_self\"><\/a><span class=\"tg-cats-holder\"><a class=\"category\" href=\"https:\/\/momaa.es\/en\/category\/2014-en\/\" rel=\"category\"><span class=\"tg-item-term\" >2014<\/span><\/a><span>, <\/span><a class=\"category\" href=\"https:\/\/momaa.es\/en\/category\/projects\/\" rel=\"category\"><span class=\"tg-item-term\" >Projects<\/span><\/a><span>, <\/span><a class=\"category\" href=\"https:\/\/momaa.es\/en\/category\/residential\/\" rel=\"category\"><span class=\"tg-item-term\" >RESIDENTIAL<\/span><\/a><\/span><h2 class=\"tg-item-title\"><a href=\"https:\/\/momaa.es\/en\/la-zagaleta-c-2-25\/\" target=\"_self\">Villa Elena<\/a><\/h2><div class=\"tg-item-footer\"><span class=\"tg-item-author\"><a href=\"https:\/\/momaa.es\/en\/author\/nubeseo\/\" target=\"_self\" style=\"color:#ffffff\">amateof<\/a><\/span><a id=\"tolb-3038754\" class=\"tg-media-button\" data-tolb-src=\"https:\/\/momaa.es\/wp-content\/uploads\/2015\/09\/1-Zagaleta.jpg\" data-tolb-type=\"image\" data-tolb-alt=\"VILLA ELENA - Zagaleta\"><i class=\"tg-icon-add\"><\/i><\/a><\/div><\/div><\/div><\/div><\/article><!-- The Grid item #9 --><article class=\"tg-item tg-post-1058 brasilia f55 f42 f43\" data-date=\"1417938261\" data-row=\"1\" data-col=\"1\"><div class=\"tg-item-inner\"><div class=\"tg-item-media-holder tg-light\"><div class=\"tg-item-media-inner\"><div class=\"tg-item-image\" style=\"background-image: url(https:\/\/momaa.es\/wp-content\/uploads\/2016\/12\/03.jpg)\"><\/div><\/div><div class=\"tg-item-overlay\"><\/div><div class=\"tg-item-content\"><a class=\"tg-item-link\" href=\"https:\/\/momaa.es\/en\/obra-pergola-de-piscina\/\" target=\"_self\"><\/a><span class=\"tg-cats-holder\"><a class=\"category\" href=\"https:\/\/momaa.es\/en\/category\/2014-en\/\" rel=\"category\"><span class=\"tg-item-term\" >2014<\/span><\/a><span>, <\/span><a class=\"category\" href=\"https:\/\/momaa.es\/en\/category\/projects\/\" rel=\"category\"><span class=\"tg-item-term\" >Projects<\/span><\/a><span>, <\/span><a class=\"category\" href=\"https:\/\/momaa.es\/en\/category\/residential\/\" rel=\"category\"><span class=\"tg-item-term\" >RESIDENTIAL<\/span><\/a><\/span><h2 class=\"tg-item-title\"><a href=\"https:\/\/momaa.es\/en\/obra-pergola-de-piscina\/\" target=\"_self\">P\u00e9rgola de Piscina<\/a><\/h2><div class=\"tg-item-footer\"><span class=\"tg-item-author\"><a href=\"https:\/\/momaa.es\/en\/author\/nubeseo\/\" target=\"_self\" style=\"color:#ffffff\">amateof<\/a><\/span><a id=\"tolb-30381058\" class=\"tg-media-button\" data-tolb-src=\"https:\/\/momaa.es\/wp-content\/uploads\/2016\/12\/03.jpg\" data-tolb-type=\"image\" data-tolb-alt=\"P\u00e9rgola de piscina\"><i class=\"tg-icon-add\"><\/i><\/a><\/div><\/div><\/div><\/div><\/article><!-- The Grid item #10 --><article class=\"tg-item tg-post-863 brasilia f54 f42 f43\" data-date=\"1445239321\" data-row=\"1\" data-col=\"1\"><div class=\"tg-item-inner\"><div class=\"tg-item-media-holder tg-light\"><div class=\"tg-item-media-inner\"><div class=\"tg-item-image\" style=\"background-image: url(https:\/\/momaa.es\/wp-content\/uploads\/2014\/10\/Carolina-21.jpg)\"><\/div><\/div><div class=\"tg-item-overlay\"><\/div><div class=\"tg-item-content\"><a class=\"tg-item-link\" href=\"https:\/\/momaa.es\/en\/villa-ocean\/\" target=\"_self\"><\/a><span class=\"tg-cats-holder\"><a class=\"category\" href=\"https:\/\/momaa.es\/en\/category\/2015-en\/\" rel=\"category\"><span class=\"tg-item-term\" >2015<\/span><\/a><span>, <\/span><a class=\"category\" href=\"https:\/\/momaa.es\/en\/category\/projects\/\" rel=\"category\"><span class=\"tg-item-term\" >Projects<\/span><\/a><span>, <\/span><a class=\"category\" href=\"https:\/\/momaa.es\/en\/category\/residential\/\" rel=\"category\"><span class=\"tg-item-term\" >RESIDENTIAL<\/span><\/a><\/span><h2 class=\"tg-item-title\"><a href=\"https:\/\/momaa.es\/en\/villa-ocean\/\" target=\"_self\">Villa Ocean<\/a><\/h2><div class=\"tg-item-footer\"><span class=\"tg-item-author\"><a href=\"https:\/\/momaa.es\/en\/author\/nubeseo\/\" target=\"_self\" style=\"color:#ffffff\">amateof<\/a><\/span><a id=\"tolb-3038863\" class=\"tg-media-button\" data-tolb-src=\"https:\/\/momaa.es\/wp-content\/uploads\/2014\/10\/Carolina-21.jpg\" data-tolb-type=\"image\" data-tolb-alt=\"VILLA OCEAN\"><i class=\"tg-icon-add\"><\/i><\/a><\/div><\/div><\/div><\/div><\/article><!-- The Grid item #11 --><article class=\"tg-item tg-post-906 brasilia f54 f37 f42\" data-date=\"1445342833\" data-row=\"1\" data-col=\"1\"><div class=\"tg-item-inner\"><div class=\"tg-item-media-holder tg-light\"><div class=\"tg-item-media-inner\"><div class=\"tg-item-image\" style=\"background-image: url(https:\/\/momaa.es\/wp-content\/uploads\/2015\/10\/BSM-BRITISH-SCHOOL-1.jpg)\"><\/div><\/div><div class=\"tg-item-overlay\"><\/div><div class=\"tg-item-content\"><a class=\"tg-item-link\" href=\"https:\/\/momaa.es\/en\/british-school-of-marbella\/\" target=\"_self\"><\/a><span class=\"tg-cats-holder\"><a class=\"category\" href=\"https:\/\/momaa.es\/en\/category\/2015-en\/\" rel=\"category\"><span class=\"tg-item-term\" >2015<\/span><\/a><span>, <\/span><a class=\"category\" href=\"https:\/\/momaa.es\/en\/category\/educational\/\" rel=\"category\"><span class=\"tg-item-term\" >EDUCATIONAL<\/span><\/a><span>, <\/span><a class=\"category\" href=\"https:\/\/momaa.es\/en\/category\/projects\/\" rel=\"category\"><span class=\"tg-item-term\" >Projects<\/span><\/a><\/span><h2 class=\"tg-item-title\"><a href=\"https:\/\/momaa.es\/en\/british-school-of-marbella\/\" target=\"_self\">British School Marbella<\/a><\/h2><div class=\"tg-item-footer\"><span class=\"tg-item-author\"><a href=\"https:\/\/momaa.es\/en\/author\/nubeseo\/\" target=\"_self\" style=\"color:#ffffff\">amateof<\/a><\/span><a id=\"tolb-3038906\" class=\"tg-media-button\" data-tolb-src=\"https:\/\/momaa.es\/wp-content\/uploads\/2015\/10\/BSM-BRITISH-SCHOOL-1.jpg\" data-tolb-type=\"image\" data-tolb-alt=\"BSM - BRITISH SCHOOL\"><i class=\"tg-icon-add\"><\/i><\/a><\/div><\/div><\/div><\/div><\/article><!-- The Grid item #12 --><article class=\"tg-item tg-post-1624 brasilia f53 f42 f44\" data-date=\"1480243304\" data-row=\"1\" data-col=\"1\"><div class=\"tg-item-inner\"><div class=\"tg-item-media-holder tg-light\"><div class=\"tg-item-media-inner\"><div class=\"tg-item-image\" style=\"background-image: url(https:\/\/momaa.es\/wp-content\/uploads\/2018\/02\/r2.jpg)\"><\/div><\/div><div class=\"tg-item-overlay\"><\/div><div class=\"tg-item-content\"><a class=\"tg-item-link\" href=\"https:\/\/momaa.es\/en\/concurso-parque-urbano-fuensanta-2\/\" target=\"_self\"><\/a><span class=\"tg-cats-holder\"><a class=\"category\" href=\"https:\/\/momaa.es\/en\/category\/2016-en\/\" rel=\"category\"><span class=\"tg-item-term\" >2016<\/span><\/a><span>, <\/span><a class=\"category\" href=\"https:\/\/momaa.es\/en\/category\/projects\/\" rel=\"category\"><span class=\"tg-item-term\" >Projects<\/span><\/a><span>, <\/span><a class=\"category\" href=\"https:\/\/momaa.es\/en\/category\/town-planning\/\" rel=\"category\"><span class=\"tg-item-term\" >TOWN PLANNING<\/span><\/a><\/span><h2 class=\"tg-item-title\"><a href=\"https:\/\/momaa.es\/en\/concurso-parque-urbano-fuensanta-2\/\" target=\"_self\">Parque Urbano Fuensanta<\/a><\/h2><div class=\"tg-item-footer\"><span class=\"tg-item-author\"><a href=\"https:\/\/momaa.es\/en\/author\/nubeseo\/\" target=\"_self\" style=\"color:#ffffff\">amateof<\/a><\/span><a id=\"tolb-30381624\" class=\"tg-media-button\" data-tolb-src=\"https:\/\/momaa.es\/wp-content\/uploads\/2018\/02\/r2.jpg\" data-tolb-type=\"image\" data-tolb-alt=\"Parque Urbano en Fuensanta\"><i class=\"tg-icon-add\"><\/i><\/a><\/div><\/div><\/div><\/div><\/article><!-- The Grid item #13 --><article class=\"tg-item tg-post-3602 brasilia f53 f67 f42\" data-date=\"1481032134\" data-row=\"1\" data-col=\"1\"><div class=\"tg-item-inner\"><div class=\"tg-item-media-holder tg-light\"><div class=\"tg-item-media-inner\"><div class=\"tg-item-image\" style=\"background-image: url(https:\/\/momaa.es\/wp-content\/uploads\/2021\/02\/Patio-Ingles-la-virginia-marbella.jpg)\"><\/div><\/div><div class=\"tg-item-overlay\"><\/div><div class=\"tg-item-content\"><a class=\"tg-item-link\" href=\"https:\/\/momaa.es\/en\/comedor-la-virginia-marbella\/\" target=\"_self\"><\/a><span class=\"tg-cats-holder\"><a class=\"category\" href=\"https:\/\/momaa.es\/en\/category\/2016-en\/\" rel=\"category\"><span class=\"tg-item-term\" >2016<\/span><\/a><span>, <\/span><a class=\"category\" href=\"https:\/\/momaa.es\/en\/category\/interior-design\/\" rel=\"category\"><span class=\"tg-item-term\" >INTERIOR DESIGN<\/span><\/a><span>, <\/span><a class=\"category\" href=\"https:\/\/momaa.es\/en\/category\/projects\/\" rel=\"category\"><span class=\"tg-item-term\" >Projects<\/span><\/a><\/span><h2 class=\"tg-item-title\"><a href=\"https:\/\/momaa.es\/en\/comedor-la-virginia-marbella\/\" target=\"_self\">Comedor en La Virginia, Marbella<\/a><\/h2><div class=\"tg-item-footer\"><span class=\"tg-item-author\"><a href=\"https:\/\/momaa.es\/en\/author\/momaa\/\" target=\"_self\" style=\"color:#ffffff\">Andres Moreno Mateo<\/a><\/span><a id=\"tolb-30383602\" class=\"tg-media-button\" data-tolb-src=\"https:\/\/momaa.es\/wp-content\/uploads\/2021\/02\/Patio-Ingles-la-virginia-marbella.jpg\" data-tolb-type=\"image\" data-tolb-alt=\"Patio-Ingles-la-virginia-marbella\"><i class=\"tg-icon-add\"><\/i><\/a><\/div><\/div><\/div><\/div><\/article><!-- The Grid item #14 --><article class=\"tg-item tg-post-1066 brasilia f53 f42 f43\" data-date=\"1481096834\" data-row=\"1\" data-col=\"1\"><div class=\"tg-item-inner\"><div class=\"tg-item-media-holder tg-light\"><div class=\"tg-item-media-inner\"><div class=\"tg-item-image\" style=\"background-image: url(https:\/\/momaa.es\/wp-content\/uploads\/2016\/12\/01-1.jpg)\"><\/div><\/div><div class=\"tg-item-overlay\"><\/div><div class=\"tg-item-content\"><a class=\"tg-item-link\" href=\"https:\/\/momaa.es\/en\/obra-jacuzzi-en-terraza\/\" target=\"_self\"><\/a><span class=\"tg-cats-holder\"><a class=\"category\" href=\"https:\/\/momaa.es\/en\/category\/2016-en\/\" rel=\"category\"><span class=\"tg-item-term\" >2016<\/span><\/a><span>, <\/span><a class=\"category\" href=\"https:\/\/momaa.es\/en\/category\/projects\/\" rel=\"category\"><span class=\"tg-item-term\" >Projects<\/span><\/a><span>, <\/span><a class=\"category\" href=\"https:\/\/momaa.es\/en\/category\/residential\/\" rel=\"category\"><span class=\"tg-item-term\" >RESIDENTIAL<\/span><\/a><\/span><h2 class=\"tg-item-title\"><a href=\"https:\/\/momaa.es\/en\/obra-jacuzzi-en-terraza\/\" target=\"_self\">Jacuzzi en Terraza<\/a><\/h2><div class=\"tg-item-footer\"><span class=\"tg-item-author\"><a href=\"https:\/\/momaa.es\/en\/author\/nubeseo\/\" target=\"_self\" style=\"color:#ffffff\">amateof<\/a><\/span><a id=\"tolb-30381066\" class=\"tg-media-button\" data-tolb-src=\"https:\/\/momaa.es\/wp-content\/uploads\/2016\/12\/01-1.jpg\" data-tolb-type=\"image\" data-tolb-alt=\"Jacuzzi en Terraza\"><i class=\"tg-icon-add\"><\/i><\/a><\/div><\/div><\/div><\/div><\/article><!-- The Grid item #15 --><article class=\"tg-item tg-post-1075 brasilia f53 f42 f43\" data-date=\"1481097789\" data-row=\"1\" data-col=\"1\"><div class=\"tg-item-inner\"><div class=\"tg-item-media-holder tg-light\"><div class=\"tg-item-media-inner\"><div class=\"tg-item-image\" style=\"background-image: url(https:\/\/momaa.es\/wp-content\/uploads\/2016\/12\/LaAlberquilla8.jpg)\"><\/div><\/div><div class=\"tg-item-overlay\"><\/div><div class=\"tg-item-content\"><a class=\"tg-item-link\" href=\"https:\/\/momaa.es\/en\/obra-reforma-de-vivienda-y-ejecucion-de-piscina-la-virginia\/\" target=\"_self\"><\/a><span class=\"tg-cats-holder\"><a class=\"category\" href=\"https:\/\/momaa.es\/en\/category\/2016-en\/\" rel=\"category\"><span class=\"tg-item-term\" >2016<\/span><\/a><span>, <\/span><a class=\"category\" href=\"https:\/\/momaa.es\/en\/category\/projects\/\" rel=\"category\"><span class=\"tg-item-term\" >Projects<\/span><\/a><span>, <\/span><a class=\"category\" href=\"https:\/\/momaa.es\/en\/category\/residential\/\" rel=\"category\"><span class=\"tg-item-term\" >RESIDENTIAL<\/span><\/a><\/span><h2 class=\"tg-item-title\"><a href=\"https:\/\/momaa.es\/en\/obra-reforma-de-vivienda-y-ejecucion-de-piscina-la-virginia\/\" target=\"_self\">Villa Alberquilla, La Virginia, Marbella<\/a><\/h2><div class=\"tg-item-footer\"><span class=\"tg-item-author\"><a href=\"https:\/\/momaa.es\/en\/author\/nubeseo\/\" target=\"_self\" style=\"color:#ffffff\">amateof<\/a><\/span><a id=\"tolb-30381075\" class=\"tg-media-button\" data-tolb-src=\"https:\/\/momaa.es\/wp-content\/uploads\/2016\/12\/LaAlberquilla8.jpg\" data-tolb-type=\"image\" data-tolb-alt=\"Villa Alberquilla\"><i class=\"tg-icon-add\"><\/i><\/a><\/div><\/div><\/div><\/div><\/article><!-- The Grid item #16 --><article class=\"tg-item tg-post-1086 brasilia f53 f38 f42 f43 f44\" data-date=\"1481098188\" data-row=\"1\" data-col=\"1\"><div class=\"tg-item-inner\"><div class=\"tg-item-media-holder tg-light\"><div class=\"tg-item-media-inner\"><div class=\"tg-item-image\" style=\"background-image: url(https:\/\/momaa.es\/wp-content\/uploads\/2016\/12\/01-3.jpg)\"><\/div><\/div><div class=\"tg-item-overlay\"><\/div><div class=\"tg-item-content\"><a class=\"tg-item-link\" href=\"https:\/\/momaa.es\/en\/fin-de-master-arquitectura\/\" target=\"_self\"><\/a><span class=\"tg-cats-holder\"><a class=\"category\" href=\"https:\/\/momaa.es\/en\/category\/2016-en\/\" rel=\"category\"><span class=\"tg-item-term\" >2016<\/span><\/a><span>, <\/span><a class=\"category\" href=\"https:\/\/momaa.es\/en\/category\/public-space\/\" rel=\"category\"><span class=\"tg-item-term\" >PUBLIC SPACE<\/span><\/a><span>, <\/span><a class=\"category\" href=\"https:\/\/momaa.es\/en\/category\/projects\/\" rel=\"category\"><span class=\"tg-item-term\" >Projects<\/span><\/a><span>, <\/span><a class=\"category\" href=\"https:\/\/momaa.es\/en\/category\/residential\/\" rel=\"category\"><span class=\"tg-item-term\" >RESIDENTIAL<\/span><\/a><span>, <\/span><a class=\"category\" href=\"https:\/\/momaa.es\/en\/category\/town-planning\/\" rel=\"category\"><span class=\"tg-item-term\" >TOWN PLANNING<\/span><\/a><\/span><h2 class=\"tg-item-title\"><a href=\"https:\/\/momaa.es\/en\/fin-de-master-arquitectura\/\" target=\"_self\">Fin de Master Arquitectura<\/a><\/h2><div class=\"tg-item-footer\"><span class=\"tg-item-author\"><a href=\"https:\/\/momaa.es\/en\/author\/nubeseo\/\" target=\"_self\" style=\"color:#ffffff\">amateof<\/a><\/span><a id=\"tolb-30381086\" class=\"tg-media-button\" data-tolb-src=\"https:\/\/momaa.es\/wp-content\/uploads\/2016\/12\/01-3.jpg\" data-tolb-type=\"image\" data-tolb-alt=\"Fin de Master\"><i class=\"tg-icon-add\"><\/i><\/a><\/div><\/div><\/div><\/div><\/article><!-- The Grid item #17 --><article class=\"tg-item tg-post-1287 brasilia f52 f37 f38 f42\" data-date=\"1485881828\" data-row=\"1\" data-col=\"1\"><div class=\"tg-item-inner\"><div class=\"tg-item-media-holder tg-light\"><div class=\"tg-item-media-inner\"><div class=\"tg-item-image\" style=\"background-image: url(https:\/\/momaa.es\/wp-content\/uploads\/2018\/01\/03.jpg)\"><\/div><\/div><div class=\"tg-item-overlay\"><\/div><div class=\"tg-item-content\"><a class=\"tg-item-link\" href=\"https:\/\/momaa.es\/en\/colegio-en-china-2\/\" target=\"_self\"><\/a><span class=\"tg-cats-holder\"><a class=\"category\" href=\"https:\/\/momaa.es\/en\/category\/2017-en\/\" rel=\"category\"><span class=\"tg-item-term\" >2017<\/span><\/a><span>, <\/span><a class=\"category\" href=\"https:\/\/momaa.es\/en\/category\/educational\/\" rel=\"category\"><span class=\"tg-item-term\" >EDUCATIONAL<\/span><\/a><span>, <\/span><a class=\"category\" href=\"https:\/\/momaa.es\/en\/category\/public-space\/\" rel=\"category\"><span class=\"tg-item-term\" >PUBLIC SPACE<\/span><\/a><span>, <\/span><a class=\"category\" href=\"https:\/\/momaa.es\/en\/category\/projects\/\" rel=\"category\"><span class=\"tg-item-term\" >Projects<\/span><\/a><\/span><h2 class=\"tg-item-title\"><a href=\"https:\/\/momaa.es\/en\/colegio-en-china-2\/\" target=\"_self\">Colegio Putian China<\/a><\/h2><div class=\"tg-item-footer\"><span class=\"tg-item-author\"><a href=\"https:\/\/momaa.es\/en\/author\/nubeseo\/\" target=\"_self\" style=\"color:#ffffff\">amateof<\/a><\/span><a id=\"tolb-30381287\" class=\"tg-media-button\" data-tolb-src=\"https:\/\/momaa.es\/wp-content\/uploads\/2018\/01\/03.jpg\" data-tolb-type=\"image\" data-tolb-alt=\"COLEGIO EN PUTIAN CHINA\"><i class=\"tg-icon-add\"><\/i><\/a><\/div><\/div><\/div><\/div><\/article><!-- The Grid item #18 --><article class=\"tg-item tg-post-1323 brasilia f52 f42 f43\" data-date=\"1486018462\" data-row=\"1\" data-col=\"1\"><div class=\"tg-item-inner\"><div class=\"tg-item-media-holder tg-light\"><div class=\"tg-item-media-inner\"><div class=\"tg-item-image\" style=\"background-image: url(https:\/\/momaa.es\/wp-content\/uploads\/2018\/02\/img_4.jpg)\"><\/div><\/div><div class=\"tg-item-overlay\"><\/div><div class=\"tg-item-content\"><a class=\"tg-item-link\" href=\"https:\/\/momaa.es\/en\/villa-marbella-club-golf\/\" target=\"_self\"><\/a><span class=\"tg-cats-holder\"><a class=\"category\" href=\"https:\/\/momaa.es\/en\/category\/2017-en\/\" rel=\"category\"><span class=\"tg-item-term\" >2017<\/span><\/a><span>, <\/span><a class=\"category\" href=\"https:\/\/momaa.es\/en\/category\/projects\/\" rel=\"category\"><span class=\"tg-item-term\" >Projects<\/span><\/a><span>, <\/span><a class=\"category\" href=\"https:\/\/momaa.es\/en\/category\/residential\/\" rel=\"category\"><span class=\"tg-item-term\" >RESIDENTIAL<\/span><\/a><\/span><h2 class=\"tg-item-title\"><a href=\"https:\/\/momaa.es\/en\/villa-marbella-club-golf\/\" target=\"_self\">Villa Olivier, Marbella Golf Resort<\/a><\/h2><div class=\"tg-item-footer\"><span class=\"tg-item-author\"><a href=\"https:\/\/momaa.es\/en\/author\/nubeseo\/\" target=\"_self\" style=\"color:#ffffff\">amateof<\/a><\/span><a id=\"tolb-30381323\" class=\"tg-media-button\" data-tolb-src=\"https:\/\/momaa.es\/wp-content\/uploads\/2018\/02\/img_4.jpg\" data-tolb-type=\"image\" data-tolb-alt=\"VILLA OLIVIER I\"><i class=\"tg-icon-add\"><\/i><\/a><\/div><\/div><\/div><\/div><\/article><!-- The Grid item #19 --><article class=\"tg-item tg-post-1362 brasilia f52 f42 f43\" data-date=\"1509217535\" data-row=\"1\" data-col=\"1\"><div class=\"tg-item-inner\"><div class=\"tg-item-media-holder tg-light\"><div class=\"tg-item-media-inner\"><div class=\"tg-item-image\" style=\"background-image: url(https:\/\/momaa.es\/wp-content\/uploads\/2019\/12\/CASA-LUCIA-NAVIDAD-6.jpg)\"><\/div><\/div><div class=\"tg-item-overlay\"><\/div><div class=\"tg-item-content\"><a class=\"tg-item-link\" href=\"https:\/\/momaa.es\/en\/casa-lucia-madrid-rehabilitacion\/\" target=\"_self\"><\/a><span class=\"tg-cats-holder\"><a class=\"category\" href=\"https:\/\/momaa.es\/en\/category\/2017-en\/\" rel=\"category\"><span class=\"tg-item-term\" >2017<\/span><\/a><span>, <\/span><a class=\"category\" href=\"https:\/\/momaa.es\/en\/category\/projects\/\" rel=\"category\"><span class=\"tg-item-term\" >Projects<\/span><\/a><span>, <\/span><a class=\"category\" href=\"https:\/\/momaa.es\/en\/category\/residential\/\" rel=\"category\"><span class=\"tg-item-term\" >RESIDENTIAL<\/span><\/a><\/span><h2 class=\"tg-item-title\"><a href=\"https:\/\/momaa.es\/en\/casa-lucia-madrid-rehabilitacion\/\" target=\"_self\">Casa Lucia, Madrid<\/a><\/h2><div class=\"tg-item-footer\"><span class=\"tg-item-author\"><a href=\"https:\/\/momaa.es\/en\/author\/nubeseo\/\" target=\"_self\" style=\"color:#ffffff\">amateof<\/a><\/span><a id=\"tolb-30381362\" class=\"tg-media-button\" data-tolb-src=\"https:\/\/momaa.es\/wp-content\/uploads\/2019\/12\/CASA-LUCIA-NAVIDAD-6.jpg\" data-tolb-type=\"image\" data-tolb-alt=\"Casa Lucia Madrid - Ba\u00f1o\"><i class=\"tg-icon-add\"><\/i><\/a><\/div><\/div><\/div><\/div><\/article><!-- The Grid item #20 --><article class=\"tg-item tg-post-2600 brasilia f52 f38 f42\" data-date=\"1510868880\" data-row=\"1\" data-col=\"1\"><div class=\"tg-item-inner\"><div class=\"tg-item-media-holder tg-light\"><div class=\"tg-item-media-inner\"><div class=\"tg-item-image\" style=\"background-image: url(https:\/\/momaa.es\/wp-content\/uploads\/2019\/12\/oficina.jpg)\"><\/div><\/div><div class=\"tg-item-overlay\"><\/div><div class=\"tg-item-content\"><a class=\"tg-item-link\" href=\"https:\/\/momaa.es\/en\/loft-office-momaa\/\" target=\"_self\"><\/a><span class=\"tg-cats-holder\"><a class=\"category\" href=\"https:\/\/momaa.es\/en\/category\/2017-en\/\" rel=\"category\"><span class=\"tg-item-term\" >2017<\/span><\/a><span>, <\/span><a class=\"category\" href=\"https:\/\/momaa.es\/en\/category\/public-space\/\" rel=\"category\"><span class=\"tg-item-term\" >PUBLIC SPACE<\/span><\/a><span>, <\/span><a class=\"category\" href=\"https:\/\/momaa.es\/en\/category\/projects\/\" rel=\"category\"><span class=\"tg-item-term\" >Projects<\/span><\/a><\/span><h2 class=\"tg-item-title\"><a href=\"https:\/\/momaa.es\/en\/loft-office-momaa\/\" target=\"_self\">MoMaA Loft Office<\/a><\/h2><div class=\"tg-item-footer\"><span class=\"tg-item-author\"><a href=\"https:\/\/momaa.es\/en\/author\/momaa\/\" target=\"_self\" style=\"color:#ffffff\">Andres Moreno Mateo<\/a><\/span><a id=\"tolb-30382600\" class=\"tg-media-button\" data-tolb-src=\"https:\/\/momaa.es\/wp-content\/uploads\/2019\/12\/oficina.jpg\" data-tolb-type=\"image\" data-tolb-alt=\"Oficina - MoMaa\"><i class=\"tg-icon-add\"><\/i><\/a><\/div><\/div><\/div><\/div><\/article><!-- The Grid item #21 --><article class=\"tg-item tg-post-2198 brasilia f52 f38 f42 f44\" data-date=\"1513323489\" data-row=\"1\" data-col=\"1\"><div class=\"tg-item-inner\"><div class=\"tg-item-media-holder tg-light\"><div class=\"tg-item-media-inner\"><div class=\"tg-item-image\" style=\"background-image: url(https:\/\/momaa.es\/wp-content\/uploads\/2019\/12\/Situacion.jpg)\"><\/div><\/div><div class=\"tg-item-overlay\"><\/div><div class=\"tg-item-content\"><a class=\"tg-item-link\" href=\"https:\/\/momaa.es\/en\/urbanizacion-los-porqueroles\/\" target=\"_self\"><\/a><span class=\"tg-cats-holder\"><a class=\"category\" href=\"https:\/\/momaa.es\/en\/category\/2017-en\/\" rel=\"category\"><span class=\"tg-item-term\" >2017<\/span><\/a><span>, <\/span><a class=\"category\" href=\"https:\/\/momaa.es\/en\/category\/public-space\/\" rel=\"category\"><span class=\"tg-item-term\" >PUBLIC SPACE<\/span><\/a><span>, <\/span><a class=\"category\" href=\"https:\/\/momaa.es\/en\/category\/projects\/\" rel=\"category\"><span class=\"tg-item-term\" >Projects<\/span><\/a><span>, <\/span><a class=\"category\" href=\"https:\/\/momaa.es\/en\/category\/town-planning\/\" rel=\"category\"><span class=\"tg-item-term\" >TOWN PLANNING<\/span><\/a><\/span><h2 class=\"tg-item-title\"><a href=\"https:\/\/momaa.es\/en\/urbanizacion-los-porqueroles\/\" target=\"_self\">Los Porqueroles<\/a><\/h2><div class=\"tg-item-footer\"><span class=\"tg-item-author\"><a href=\"https:\/\/momaa.es\/en\/author\/momaa\/\" target=\"_self\" style=\"color:#ffffff\">Andres Moreno Mateo<\/a><\/span><a id=\"tolb-30382198\" class=\"tg-media-button\" data-tolb-src=\"https:\/\/momaa.es\/wp-content\/uploads\/2019\/12\/Situacion.jpg\" data-tolb-type=\"image\" data-tolb-alt=\"URBANIZACI\u00d3N LOS PORQUEROLES\"><i class=\"tg-icon-add\"><\/i><\/a><\/div><\/div><\/div><\/div><\/article><!-- The Grid item #22 --><article class=\"tg-item tg-post-2589 brasilia f52 f37 f38 f42\" data-date=\"1514237906\" data-row=\"1\" data-col=\"1\"><div class=\"tg-item-inner\"><div class=\"tg-item-media-holder tg-light\"><div class=\"tg-item-media-inner\"><div class=\"tg-item-image\" style=\"background-image: url(https:\/\/momaa.es\/wp-content\/uploads\/2019\/12\/VESTUARIO-Y-PLANTA-ALTA.jpg)\"><\/div><\/div><div class=\"tg-item-overlay\"><\/div><div class=\"tg-item-content\"><a class=\"tg-item-link\" href=\"https:\/\/momaa.es\/en\/nuevo-vestuario-eic\/\" target=\"_self\"><\/a><span class=\"tg-cats-holder\"><a class=\"category\" href=\"https:\/\/momaa.es\/en\/category\/2017-en\/\" rel=\"category\"><span class=\"tg-item-term\" >2017<\/span><\/a><span>, <\/span><a class=\"category\" href=\"https:\/\/momaa.es\/en\/category\/educational\/\" rel=\"category\"><span class=\"tg-item-term\" >EDUCATIONAL<\/span><\/a><span>, <\/span><a class=\"category\" href=\"https:\/\/momaa.es\/en\/category\/public-space\/\" rel=\"category\"><span class=\"tg-item-term\" >PUBLIC SPACE<\/span><\/a><span>, <\/span><a class=\"category\" href=\"https:\/\/momaa.es\/en\/category\/projects\/\" rel=\"category\"><span class=\"tg-item-term\" >Projects<\/span><\/a><\/span><h2 class=\"tg-item-title\"><a href=\"https:\/\/momaa.es\/en\/nuevo-vestuario-eic\/\" target=\"_self\">EIC_Nuevo Vestuario<\/a><\/h2><div class=\"tg-item-footer\"><span class=\"tg-item-author\"><a href=\"https:\/\/momaa.es\/en\/author\/momaa\/\" target=\"_self\" style=\"color:#ffffff\">Andres Moreno Mateo<\/a><\/span><a id=\"tolb-30382589\" class=\"tg-media-button\" data-tolb-src=\"https:\/\/momaa.es\/wp-content\/uploads\/2019\/12\/VESTUARIO-Y-PLANTA-ALTA.jpg\" data-tolb-type=\"image\" data-tolb-alt=\"VESTUARIO Y PLANTA ALTA\"><i class=\"tg-icon-add\"><\/i><\/a><\/div><\/div><\/div><\/div><\/article><!-- The Grid item #23 --><article class=\"tg-item tg-post-2654 brasilia f52 f42 f43\" data-date=\"1514278533\" data-row=\"1\" data-col=\"1\"><div class=\"tg-item-inner\"><div class=\"tg-item-media-holder tg-light\"><div class=\"tg-item-media-inner\"><div class=\"tg-item-image\" style=\"background-image: url(https:\/\/momaa.es\/wp-content\/uploads\/2019\/12\/situacion-1.jpg)\"><\/div><\/div><div class=\"tg-item-overlay\"><\/div><div class=\"tg-item-content\"><a class=\"tg-item-link\" href=\"https:\/\/momaa.es\/en\/casa-playa-esmeralda\/\" target=\"_self\"><\/a><span class=\"tg-cats-holder\"><a class=\"category\" href=\"https:\/\/momaa.es\/en\/category\/2017-en\/\" rel=\"category\"><span class=\"tg-item-term\" >2017<\/span><\/a><span>, <\/span><a class=\"category\" href=\"https:\/\/momaa.es\/en\/category\/projects\/\" rel=\"category\"><span class=\"tg-item-term\" >Projects<\/span><\/a><span>, <\/span><a class=\"category\" href=\"https:\/\/momaa.es\/en\/category\/residential\/\" rel=\"category\"><span class=\"tg-item-term\" >RESIDENTIAL<\/span><\/a><\/span><h2 class=\"tg-item-title\"><a href=\"https:\/\/momaa.es\/en\/casa-playa-esmeralda\/\" target=\"_self\">Apartamento, Coral Beach, Marbella<\/a><\/h2><div class=\"tg-item-footer\"><span class=\"tg-item-author\"><a href=\"https:\/\/momaa.es\/en\/author\/momaa\/\" target=\"_self\" style=\"color:#ffffff\">Andres Moreno Mateo<\/a><\/span><a id=\"tolb-30382654\" class=\"tg-media-button\" data-tolb-src=\"https:\/\/momaa.es\/wp-content\/uploads\/2019\/12\/situacion-1.jpg\" data-tolb-type=\"image\" data-tolb-alt=\"APARTAMENTO ESMERALDA\"><i class=\"tg-icon-add\"><\/i><\/a><\/div><\/div><\/div><\/div><\/article><!-- The Grid item #24 --><article class=\"tg-item tg-post-1255 brasilia f47 f42 f43\" data-date=\"1517413366\" data-row=\"1\" data-col=\"1\"><div class=\"tg-item-inner\"><div class=\"tg-item-media-holder tg-light\"><div class=\"tg-item-media-inner\"><div class=\"tg-item-image\" style=\"background-image: url(https:\/\/momaa.es\/wp-content\/uploads\/2018\/01\/01-infografia-alzado-1.jpg)\"><\/div><\/div><div class=\"tg-item-overlay\"><\/div><div class=\"tg-item-content\"><a class=\"tg-item-link\" href=\"https:\/\/momaa.es\/en\/pabellon-de-la-musica\/\" target=\"_self\"><\/a><span class=\"tg-cats-holder\"><a class=\"category\" href=\"https:\/\/momaa.es\/en\/category\/2018-en\/\" rel=\"category\"><span class=\"tg-item-term\" >2018<\/span><\/a><span>, <\/span><a class=\"category\" href=\"https:\/\/momaa.es\/en\/category\/projects\/\" rel=\"category\"><span class=\"tg-item-term\" >Projects<\/span><\/a><span>, <\/span><a class=\"category\" href=\"https:\/\/momaa.es\/en\/category\/residential\/\" rel=\"category\"><span class=\"tg-item-term\" >RESIDENTIAL<\/span><\/a><\/span><h2 class=\"tg-item-title\"><a href=\"https:\/\/momaa.es\/en\/pabellon-de-la-musica\/\" target=\"_self\">Pabell\u00f3n de la M\u00fasica, La Virginia, Marbella<\/a><\/h2><div class=\"tg-item-footer\"><span class=\"tg-item-author\"><a href=\"https:\/\/momaa.es\/en\/author\/nubeseo\/\" target=\"_self\" style=\"color:#ffffff\">amateof<\/a><\/span><a id=\"tolb-30381255\" class=\"tg-media-button\" data-tolb-src=\"https:\/\/momaa.es\/wp-content\/uploads\/2018\/01\/01-infografia-alzado-1.jpg\" data-tolb-type=\"image\" data-tolb-alt=\"Pabell\u00f3n de m\u00fasica - infografia alzado\"><i class=\"tg-icon-add\"><\/i><\/a><\/div><\/div><\/div><\/div><\/article><!-- The Grid item #25 --><article class=\"tg-item tg-post-1389 brasilia f47 f42 f43\" data-date=\"1540755316\" data-row=\"1\" data-col=\"1\"><div class=\"tg-item-inner\"><div class=\"tg-item-media-holder tg-light\"><div class=\"tg-item-media-inner\"><div class=\"tg-item-image\" style=\"background-image: url(https:\/\/momaa.es\/wp-content\/uploads\/2018\/10\/IMG_20180824_142307_065.jpg)\"><\/div><\/div><div class=\"tg-item-overlay\"><\/div><div class=\"tg-item-content\"><a class=\"tg-item-link\" href=\"https:\/\/momaa.es\/en\/pabellon-rio-verde\/\" target=\"_self\"><\/a><span class=\"tg-cats-holder\"><a class=\"category\" href=\"https:\/\/momaa.es\/en\/category\/2018-en\/\" rel=\"category\"><span class=\"tg-item-term\" >2018<\/span><\/a><span>, <\/span><a class=\"category\" href=\"https:\/\/momaa.es\/en\/category\/projects\/\" rel=\"category\"><span class=\"tg-item-term\" >Projects<\/span><\/a><span>, <\/span><a class=\"category\" href=\"https:\/\/momaa.es\/en\/category\/residential\/\" rel=\"category\"><span class=\"tg-item-term\" >RESIDENTIAL<\/span><\/a><\/span><h2 class=\"tg-item-title\"><a href=\"https:\/\/momaa.es\/en\/pabellon-rio-verde\/\" target=\"_self\">Pabell\u00f3n R\u00edo Verde, Marbella<\/a><\/h2><div class=\"tg-item-footer\"><span class=\"tg-item-author\"><a href=\"https:\/\/momaa.es\/en\/author\/nubeseo\/\" target=\"_self\" style=\"color:#ffffff\">amateof<\/a><\/span><a id=\"tolb-30381389\" class=\"tg-media-button\" data-tolb-src=\"https:\/\/momaa.es\/wp-content\/uploads\/2018\/10\/IMG_20180824_142307_065.jpg\" data-tolb-type=\"image\" data-tolb-alt=\"PABELL\u00d3N RIO VERDE\"><i class=\"tg-icon-add\"><\/i><\/a><\/div><\/div><\/div><\/div><\/article><!-- The Grid item #26 --><article class=\"tg-item tg-post-2169 brasilia f47 f37 f38 f42\" data-date=\"1544825194\" data-row=\"1\" data-col=\"1\"><div class=\"tg-item-inner\"><div class=\"tg-item-media-holder tg-light\"><div class=\"tg-item-media-inner\"><div class=\"tg-item-image\" style=\"background-image: url(https:\/\/momaa.es\/wp-content\/uploads\/2019\/12\/0-General-A.jpg)\"><\/div><\/div><div class=\"tg-item-overlay\"><\/div><div class=\"tg-item-content\"><a class=\"tg-item-link\" href=\"https:\/\/momaa.es\/en\/colegio-jiangyn-china\/\" target=\"_self\"><\/a><span class=\"tg-cats-holder\"><a class=\"category\" href=\"https:\/\/momaa.es\/en\/category\/2018-en\/\" rel=\"category\"><span class=\"tg-item-term\" >2018<\/span><\/a><span>, <\/span><a class=\"category\" href=\"https:\/\/momaa.es\/en\/category\/educational\/\" rel=\"category\"><span class=\"tg-item-term\" >EDUCATIONAL<\/span><\/a><span>, <\/span><a class=\"category\" href=\"https:\/\/momaa.es\/en\/category\/public-space\/\" rel=\"category\"><span class=\"tg-item-term\" >PUBLIC SPACE<\/span><\/a><span>, <\/span><a class=\"category\" href=\"https:\/\/momaa.es\/en\/category\/projects\/\" rel=\"category\"><span class=\"tg-item-term\" >Projects<\/span><\/a><\/span><h2 class=\"tg-item-title\"><a href=\"https:\/\/momaa.es\/en\/colegio-jiangyn-china\/\" target=\"_self\">Colegio Jiangyn China<\/a><\/h2><div class=\"tg-item-footer\"><span class=\"tg-item-author\"><a href=\"https:\/\/momaa.es\/en\/author\/momaa\/\" target=\"_self\" style=\"color:#ffffff\">Andres Moreno Mateo<\/a><\/span><a id=\"tolb-30382169\" class=\"tg-media-button\" data-tolb-src=\"https:\/\/momaa.es\/wp-content\/uploads\/2019\/12\/0-General-A.jpg\" data-tolb-type=\"image\" data-tolb-alt=\"COLEGIO EN JIANGYN CHINA - General\"><i class=\"tg-icon-add\"><\/i><\/a><\/div><\/div><\/div><\/div><\/article><!-- The Grid item #27 --><article class=\"tg-item tg-post-2260 brasilia f47 f42 f43\" data-date=\"1544862906\" data-row=\"1\" data-col=\"1\"><div class=\"tg-item-inner\"><div class=\"tg-item-media-holder tg-light\"><div class=\"tg-item-media-inner\"><div class=\"tg-item-image\" style=\"background-image: url(https:\/\/momaa.es\/wp-content\/uploads\/2019\/12\/Plano-situacion-parcela.jpg)\"><\/div><\/div><div class=\"tg-item-overlay\"><\/div><div class=\"tg-item-content\"><a class=\"tg-item-link\" href=\"https:\/\/momaa.es\/en\/villa-rio-lissen\/\" target=\"_self\"><\/a><span class=\"tg-cats-holder\"><a class=\"category\" href=\"https:\/\/momaa.es\/en\/category\/2018-en\/\" rel=\"category\"><span class=\"tg-item-term\" >2018<\/span><\/a><span>, <\/span><a class=\"category\" href=\"https:\/\/momaa.es\/en\/category\/projects\/\" rel=\"category\"><span class=\"tg-item-term\" >Projects<\/span><\/a><span>, <\/span><a class=\"category\" href=\"https:\/\/momaa.es\/en\/category\/residential\/\" rel=\"category\"><span class=\"tg-item-term\" >RESIDENTIAL<\/span><\/a><\/span><h2 class=\"tg-item-title\"><a href=\"https:\/\/momaa.es\/en\/villa-rio-lissen\/\" target=\"_self\">Villa Rio Lissen, Valle del Sol, Marbella<\/a><\/h2><div class=\"tg-item-footer\"><span class=\"tg-item-author\"><a href=\"https:\/\/momaa.es\/en\/author\/momaa\/\" target=\"_self\" style=\"color:#ffffff\">Andres Moreno Mateo<\/a><\/span><a id=\"tolb-30382260\" class=\"tg-media-button\" data-tolb-src=\"https:\/\/momaa.es\/wp-content\/uploads\/2019\/12\/Plano-situacion-parcela.jpg\" data-tolb-type=\"image\" data-tolb-alt=\"VILLA RIO LISSEN - Plano situaci\u00f3n parcela\"><i class=\"tg-icon-add\"><\/i><\/a><\/div><\/div><\/div><\/div><\/article><!-- The Grid item #28 --><article class=\"tg-item tg-post-2407 brasilia f47 f42 f43\" data-date=\"1544871840\" data-row=\"1\" data-col=\"1\"><div class=\"tg-item-inner\"><div class=\"tg-item-media-holder tg-light\"><div class=\"tg-item-media-inner\"><div class=\"tg-item-image\" style=\"background-image: url(https:\/\/momaa.es\/wp-content\/uploads\/2019\/12\/PORTADA.jpg)\"><\/div><\/div><div class=\"tg-item-overlay\"><\/div><div class=\"tg-item-content\"><a class=\"tg-item-link\" href=\"https:\/\/momaa.es\/en\/pabellon-rio-verde-ii\/\" target=\"_self\"><\/a><span class=\"tg-cats-holder\"><a class=\"category\" href=\"https:\/\/momaa.es\/en\/category\/2018-en\/\" rel=\"category\"><span class=\"tg-item-term\" >2018<\/span><\/a><span>, <\/span><a class=\"category\" href=\"https:\/\/momaa.es\/en\/category\/projects\/\" rel=\"category\"><span class=\"tg-item-term\" >Projects<\/span><\/a><span>, <\/span><a class=\"category\" href=\"https:\/\/momaa.es\/en\/category\/residential\/\" rel=\"category\"><span class=\"tg-item-term\" >RESIDENTIAL<\/span><\/a><\/span><h2 class=\"tg-item-title\"><a href=\"https:\/\/momaa.es\/en\/pabellon-rio-verde-ii\/\" target=\"_self\">Pabell\u00f3n R\u00edo Verde II, Marbella<\/a><\/h2><div class=\"tg-item-footer\"><span class=\"tg-item-author\"><a href=\"https:\/\/momaa.es\/en\/author\/momaa\/\" target=\"_self\" style=\"color:#ffffff\">Andres Moreno Mateo<\/a><\/span><a id=\"tolb-30382407\" class=\"tg-media-button\" data-tolb-src=\"https:\/\/momaa.es\/wp-content\/uploads\/2019\/12\/PORTADA.jpg\" data-tolb-type=\"image\" data-tolb-alt=\"PABELL\u00d3N RIO VERDE\"><i class=\"tg-icon-add\"><\/i><\/a><\/div><\/div><\/div><\/div><\/article><!-- The Grid item #29 --><article class=\"tg-item tg-post-3071 brasilia f46 f67 f42 f43\" data-date=\"1565018519\" data-row=\"1\" data-col=\"1\"><div class=\"tg-item-inner\"><div class=\"tg-item-media-holder tg-light\"><div class=\"tg-item-media-inner\"><div class=\"tg-item-image\" style=\"background-image: url(https:\/\/momaa.es\/wp-content\/uploads\/2022\/01\/terraza_bahia_de-Marbella.jpg)\"><\/div><\/div><div class=\"tg-item-overlay\"><\/div><div class=\"tg-item-content\"><a class=\"tg-item-link\" href=\"https:\/\/momaa.es\/en\/rehabilitacion-apartamento-bahia-de-marbella\/\" target=\"_self\"><\/a><span class=\"tg-cats-holder\"><a class=\"category\" href=\"https:\/\/momaa.es\/en\/category\/2019-en\/\" rel=\"category\"><span class=\"tg-item-term\" >2019<\/span><\/a><span>, <\/span><a class=\"category\" href=\"https:\/\/momaa.es\/en\/category\/interior-design\/\" rel=\"category\"><span class=\"tg-item-term\" >INTERIOR DESIGN<\/span><\/a><span>, <\/span><a class=\"category\" href=\"https:\/\/momaa.es\/en\/category\/projects\/\" rel=\"category\"><span class=\"tg-item-term\" >Projects<\/span><\/a><span>, <\/span><a class=\"category\" href=\"https:\/\/momaa.es\/en\/category\/residential\/\" rel=\"category\"><span class=\"tg-item-term\" >RESIDENTIAL<\/span><\/a><\/span><h2 class=\"tg-item-title\"><a href=\"https:\/\/momaa.es\/en\/rehabilitacion-apartamento-bahia-de-marbella\/\" target=\"_self\">Rehabilitaci\u00f3n Apartamento Bah\u00eda de Marbella<\/a><\/h2><div class=\"tg-item-footer\"><span class=\"tg-item-author\"><a href=\"https:\/\/momaa.es\/en\/author\/momaa\/\" target=\"_self\" style=\"color:#ffffff\">Andres Moreno Mateo<\/a><\/span><a id=\"tolb-30383071\" class=\"tg-media-button\" data-tolb-src=\"https:\/\/momaa.es\/wp-content\/uploads\/2022\/01\/terraza_bahia_de-Marbella.jpg\" data-tolb-type=\"image\" data-tolb-alt=\"Terraza_bahia_de Marbella\"><i class=\"tg-icon-add\"><\/i><\/a><\/div><\/div><\/div><\/div><\/article><!-- The Grid item #30 --><article class=\"tg-item tg-post-2250 brasilia f46 f42 f43\" data-date=\"1576398512\" data-row=\"1\" data-col=\"1\"><div class=\"tg-item-inner\"><div class=\"tg-item-media-holder tg-light\"><div class=\"tg-item-media-inner\"><div class=\"tg-item-image\" style=\"background-image: url(https:\/\/momaa.es\/wp-content\/uploads\/2019\/12\/Entrada2Lc.jpg)\"><\/div><\/div><div class=\"tg-item-overlay\"><\/div><div class=\"tg-item-content\"><a class=\"tg-item-link\" href=\"https:\/\/momaa.es\/en\/villa-olivier-marbella-golf\/\" target=\"_self\"><\/a><span class=\"tg-cats-holder\"><a class=\"category\" href=\"https:\/\/momaa.es\/en\/category\/2019-en\/\" rel=\"category\"><span class=\"tg-item-term\" >2019<\/span><\/a><span>, <\/span><a class=\"category\" href=\"https:\/\/momaa.es\/en\/category\/projects\/\" rel=\"category\"><span class=\"tg-item-term\" >Projects<\/span><\/a><span>, <\/span><a class=\"category\" href=\"https:\/\/momaa.es\/en\/category\/residential\/\" rel=\"category\"><span class=\"tg-item-term\" >RESIDENTIAL<\/span><\/a><\/span><h2 class=\"tg-item-title\"><a href=\"https:\/\/momaa.es\/en\/villa-olivier-marbella-golf\/\" target=\"_self\">Villa Olivier Marbella Golf Resort<\/a><\/h2><div class=\"tg-item-footer\"><span class=\"tg-item-author\"><a href=\"https:\/\/momaa.es\/en\/author\/momaa\/\" target=\"_self\" style=\"color:#ffffff\">Andres Moreno Mateo<\/a><\/span><a id=\"tolb-30382250\" class=\"tg-media-button\" data-tolb-src=\"https:\/\/momaa.es\/wp-content\/uploads\/2019\/12\/Entrada2Lc.jpg\" data-tolb-type=\"image\" data-tolb-alt=\"VILLA OLIVIER II\"><i class=\"tg-icon-add\"><\/i><\/a><\/div><\/div><\/div><\/div><\/article><!-- The Grid item #31 --><article class=\"tg-item tg-post-2273 brasilia f46 f37 f38 f42\" data-date=\"1576399398\" data-row=\"1\" data-col=\"1\"><div class=\"tg-item-inner\"><div class=\"tg-item-media-holder tg-light\"><div class=\"tg-item-media-inner\"><div class=\"tg-item-image\" style=\"background-image: url(https:\/\/momaa.es\/wp-content\/uploads\/2019\/12\/R3.jpg)\"><\/div><\/div><div class=\"tg-item-overlay\"><\/div><div class=\"tg-item-content\"><a class=\"tg-item-link\" href=\"https:\/\/momaa.es\/en\/oficina-colegio-lisboa\/\" target=\"_self\"><\/a><span class=\"tg-cats-holder\"><a class=\"category\" href=\"https:\/\/momaa.es\/en\/category\/2019-en\/\" rel=\"category\"><span class=\"tg-item-term\" >2019<\/span><\/a><span>, <\/span><a class=\"category\" href=\"https:\/\/momaa.es\/en\/category\/educational\/\" rel=\"category\"><span class=\"tg-item-term\" >EDUCATIONAL<\/span><\/a><span>, <\/span><a class=\"category\" href=\"https:\/\/momaa.es\/en\/category\/public-space\/\" rel=\"category\"><span class=\"tg-item-term\" >PUBLIC SPACE<\/span><\/a><span>, <\/span><a class=\"category\" href=\"https:\/\/momaa.es\/en\/category\/projects\/\" rel=\"category\"><span class=\"tg-item-term\" >Projects<\/span><\/a><\/span><h2 class=\"tg-item-title\"><a href=\"https:\/\/momaa.es\/en\/oficina-colegio-lisboa\/\" target=\"_self\">Oficina Colegio<\/a><\/h2><div class=\"tg-item-footer\"><span class=\"tg-item-author\"><a href=\"https:\/\/momaa.es\/en\/author\/momaa\/\" target=\"_self\" style=\"color:#ffffff\">Andres Moreno Mateo<\/a><\/span><a id=\"tolb-30382273\" class=\"tg-media-button\" data-tolb-src=\"https:\/\/momaa.es\/wp-content\/uploads\/2019\/12\/R3.jpg\" data-tolb-type=\"image\" data-tolb-alt=\"OFICINA COLEGIO LISBOA\"><i class=\"tg-icon-add\"><\/i><\/a><\/div><\/div><\/div><\/div><\/article><!-- The Grid item #32 --><article class=\"tg-item tg-post-2295 brasilia f46 f38 f42 f44\" data-date=\"1576400622\" data-row=\"1\" data-col=\"1\"><div class=\"tg-item-inner\"><div class=\"tg-item-media-holder tg-light\"><div class=\"tg-item-media-inner\"><div class=\"tg-item-image\" style=\"background-image: url(https:\/\/momaa.es\/wp-content\/uploads\/2022\/04\/20220407_102941.jpg)\"><\/div><\/div><div class=\"tg-item-overlay\"><\/div><div class=\"tg-item-content\"><a class=\"tg-item-link\" href=\"https:\/\/momaa.es\/en\/aparcamiento-guadalmina\/\" target=\"_self\"><\/a><span class=\"tg-cats-holder\"><a class=\"category\" href=\"https:\/\/momaa.es\/en\/category\/2019-en\/\" rel=\"category\"><span class=\"tg-item-term\" >2019<\/span><\/a><span>, <\/span><a class=\"category\" href=\"https:\/\/momaa.es\/en\/category\/public-space\/\" rel=\"category\"><span class=\"tg-item-term\" >PUBLIC SPACE<\/span><\/a><span>, <\/span><a class=\"category\" href=\"https:\/\/momaa.es\/en\/category\/projects\/\" rel=\"category\"><span class=\"tg-item-term\" >Projects<\/span><\/a><span>, <\/span><a class=\"category\" href=\"https:\/\/momaa.es\/en\/category\/town-planning\/\" rel=\"category\"><span class=\"tg-item-term\" >TOWN PLANNING<\/span><\/a><\/span><h2 class=\"tg-item-title\"><a href=\"https:\/\/momaa.es\/en\/aparcamiento-guadalmina\/\" target=\"_self\">Aparcamiento Ecol\u00f3gico en Guadalmina, Marbella<\/a><\/h2><div class=\"tg-item-footer\"><span class=\"tg-item-author\"><a href=\"https:\/\/momaa.es\/en\/author\/momaa\/\" target=\"_self\" style=\"color:#ffffff\">Andres Moreno Mateo<\/a><\/span><a id=\"tolb-30382295\" class=\"tg-media-button\" data-tolb-src=\"https:\/\/momaa.es\/wp-content\/uploads\/2022\/04\/20220407_102941.jpg\" data-tolb-type=\"image\" data-tolb-alt=\"20220407_102941\"><i class=\"tg-icon-add\"><\/i><\/a><\/div><\/div><\/div><\/div><\/article><!-- The Grid item #33 --><article class=\"tg-item tg-post-2301 brasilia f46 f38 f42\" data-date=\"1576401085\" data-row=\"1\" data-col=\"1\"><div class=\"tg-item-inner\"><div class=\"tg-item-media-holder tg-light\"><div class=\"tg-item-media-inner\"><div class=\"tg-item-image\" style=\"background-image: url(https:\/\/momaa.es\/wp-content\/uploads\/2019\/12\/OFICINA-TURISMO-3.jpg)\"><\/div><\/div><div class=\"tg-item-overlay\"><\/div><div class=\"tg-item-content\"><a class=\"tg-item-link\" href=\"https:\/\/momaa.es\/en\/oficina-turismo\/\" target=\"_self\"><\/a><span class=\"tg-cats-holder\"><a class=\"category\" href=\"https:\/\/momaa.es\/en\/category\/2019-en\/\" rel=\"category\"><span class=\"tg-item-term\" >2019<\/span><\/a><span>, <\/span><a class=\"category\" href=\"https:\/\/momaa.es\/en\/category\/public-space\/\" rel=\"category\"><span class=\"tg-item-term\" >PUBLIC SPACE<\/span><\/a><span>, <\/span><a class=\"category\" href=\"https:\/\/momaa.es\/en\/category\/projects\/\" rel=\"category\"><span class=\"tg-item-term\" >Projects<\/span><\/a><\/span><h2 class=\"tg-item-title\"><a href=\"https:\/\/momaa.es\/en\/oficina-turismo\/\" target=\"_self\">Oficina Turismo San Pedro Alc\u00e1ntara<\/a><\/h2><div class=\"tg-item-footer\"><span class=\"tg-item-author\"><a href=\"https:\/\/momaa.es\/en\/author\/momaa\/\" target=\"_self\" style=\"color:#ffffff\">Andres Moreno Mateo<\/a><\/span><a id=\"tolb-30382301\" class=\"tg-media-button\" data-tolb-src=\"https:\/\/momaa.es\/wp-content\/uploads\/2019\/12\/OFICINA-TURISMO-3.jpg\" data-tolb-type=\"image\" data-tolb-alt=\"OFICINA TURISMO, COMERCIO Y FIESTAS\"><i class=\"tg-icon-add\"><\/i><\/a><\/div><\/div><\/div><\/div><\/article><!-- The Grid item #34 --><article class=\"tg-item tg-post-2311 brasilia f46 f42 f43\" data-date=\"1576402757\" data-row=\"1\" data-col=\"1\"><div class=\"tg-item-inner\"><div class=\"tg-item-media-holder tg-light\"><div class=\"tg-item-media-inner\"><div class=\"tg-item-image\" style=\"background-image: url(https:\/\/momaa.es\/wp-content\/uploads\/2019\/12\/ODED-I.jpg)\"><\/div><\/div><div class=\"tg-item-overlay\"><\/div><div class=\"tg-item-content\"><a class=\"tg-item-link\" href=\"https:\/\/momaa.es\/en\/villa-arbel-valle-del-sol\/\" target=\"_self\"><\/a><span class=\"tg-cats-holder\"><a class=\"category\" href=\"https:\/\/momaa.es\/en\/category\/2019-en\/\" rel=\"category\"><span class=\"tg-item-term\" >2019<\/span><\/a><span>, <\/span><a class=\"category\" href=\"https:\/\/momaa.es\/en\/category\/projects\/\" rel=\"category\"><span class=\"tg-item-term\" >Projects<\/span><\/a><span>, <\/span><a class=\"category\" href=\"https:\/\/momaa.es\/en\/category\/residential\/\" rel=\"category\"><span class=\"tg-item-term\" >RESIDENTIAL<\/span><\/a><\/span><h2 class=\"tg-item-title\"><a href=\"https:\/\/momaa.es\/en\/villa-arbel-valle-del-sol\/\" target=\"_self\">Villa Arbel, Valle del Sol, Marbella<\/a><\/h2><div class=\"tg-item-footer\"><span class=\"tg-item-author\"><a href=\"https:\/\/momaa.es\/en\/author\/momaa\/\" target=\"_self\" style=\"color:#ffffff\">Andres Moreno Mateo<\/a><\/span><a id=\"tolb-30382311\" class=\"tg-media-button\" data-tolb-src=\"https:\/\/momaa.es\/wp-content\/uploads\/2019\/12\/ODED-I.jpg\" data-tolb-type=\"image\" data-tolb-alt=\"VILLA ARBEL- Entrada\"><i class=\"tg-icon-add\"><\/i><\/a><\/div><\/div><\/div><\/div><\/article><!-- The Grid item #35 --><article class=\"tg-item tg-post-2325 brasilia f46 f37 f38 f42\" data-date=\"1576404567\" data-row=\"1\" data-col=\"1\"><div class=\"tg-item-inner\"><div class=\"tg-item-media-holder tg-light\"><div class=\"tg-item-media-inner\"><div class=\"tg-item-image\" style=\"background-image: url(https:\/\/momaa.es\/wp-content\/uploads\/2019\/12\/04-EXTERIOR-1-120ppp.jpg)\"><\/div><\/div><div class=\"tg-item-overlay\"><\/div><div class=\"tg-item-content\"><a class=\"tg-item-link\" href=\"https:\/\/momaa.es\/en\/colegio-internacional-lisbon\/\" target=\"_self\"><\/a><span class=\"tg-cats-holder\"><a class=\"category\" href=\"https:\/\/momaa.es\/en\/category\/2019-en\/\" rel=\"category\"><span class=\"tg-item-term\" >2019<\/span><\/a><span>, <\/span><a class=\"category\" href=\"https:\/\/momaa.es\/en\/category\/educational\/\" rel=\"category\"><span class=\"tg-item-term\" >EDUCATIONAL<\/span><\/a><span>, <\/span><a class=\"category\" href=\"https:\/\/momaa.es\/en\/category\/public-space\/\" rel=\"category\"><span class=\"tg-item-term\" >PUBLIC SPACE<\/span><\/a><span>, <\/span><a class=\"category\" href=\"https:\/\/momaa.es\/en\/category\/projects\/\" rel=\"category\"><span class=\"tg-item-term\" >Projects<\/span><\/a><\/span><h2 class=\"tg-item-title\"><a href=\"https:\/\/momaa.es\/en\/colegio-internacional-lisbon\/\" target=\"_self\">Colegio Internacional Lisbon<\/a><\/h2><div class=\"tg-item-footer\"><span class=\"tg-item-author\"><a href=\"https:\/\/momaa.es\/en\/author\/momaa\/\" target=\"_self\" style=\"color:#ffffff\">Andres Moreno Mateo<\/a><\/span><a id=\"tolb-30382325\" class=\"tg-media-button\" data-tolb-src=\"https:\/\/momaa.es\/wp-content\/uploads\/2019\/12\/04-EXTERIOR-1-120ppp.jpg\" data-tolb-type=\"image\" data-tolb-alt=\"COLEGIO INTERNACIONAL LISBOA - EXTERIOR\"><i class=\"tg-icon-add\"><\/i><\/a><\/div><\/div><\/div><\/div><\/article><!-- The Grid item #36 --><article class=\"tg-item tg-post-2355 brasilia f46 f42 f43\" data-date=\"1576405538\" data-row=\"1\" data-col=\"1\"><div class=\"tg-item-inner\"><div class=\"tg-item-media-holder tg-light\"><div class=\"tg-item-media-inner\"><div class=\"tg-item-image\" style=\"background-image: url(https:\/\/momaa.es\/wp-content\/uploads\/2019\/12\/LOFT-MARBELLA-REAL-1.jpg)\"><\/div><\/div><div class=\"tg-item-overlay\"><\/div><div class=\"tg-item-content\"><a class=\"tg-item-link\" href=\"https:\/\/momaa.es\/en\/loft-design-marbella\/\" target=\"_self\"><\/a><span class=\"tg-cats-holder\"><a class=\"category\" href=\"https:\/\/momaa.es\/en\/category\/2019-en\/\" rel=\"category\"><span class=\"tg-item-term\" >2019<\/span><\/a><span>, <\/span><a class=\"category\" href=\"https:\/\/momaa.es\/en\/category\/projects\/\" rel=\"category\"><span class=\"tg-item-term\" >Projects<\/span><\/a><span>, <\/span><a class=\"category\" href=\"https:\/\/momaa.es\/en\/category\/residential\/\" rel=\"category\"><span class=\"tg-item-term\" >RESIDENTIAL<\/span><\/a><\/span><h2 class=\"tg-item-title\"><a href=\"https:\/\/momaa.es\/en\/loft-design-marbella\/\" target=\"_self\">Loft Design, Marbella<\/a><\/h2><div class=\"tg-item-footer\"><span class=\"tg-item-author\"><a href=\"https:\/\/momaa.es\/en\/author\/momaa\/\" target=\"_self\" style=\"color:#ffffff\">Andres Moreno Mateo<\/a><\/span><a id=\"tolb-30382355\" class=\"tg-media-button\" data-tolb-src=\"https:\/\/momaa.es\/wp-content\/uploads\/2019\/12\/LOFT-MARBELLA-REAL-1.jpg\" data-tolb-type=\"image\" data-tolb-alt=\"LOFT MARBELLA REAL\"><i class=\"tg-icon-add\"><\/i><\/a><\/div><\/div><\/div><\/div><\/article><!-- The Grid item #37 --><article class=\"tg-item tg-post-2364 brasilia f46 f42 f43\" data-date=\"1576405954\" data-row=\"1\" data-col=\"1\"><div class=\"tg-item-inner\"><div class=\"tg-item-media-holder tg-light\"><div class=\"tg-item-media-inner\"><div class=\"tg-item-image\" style=\"background-image: url(https:\/\/momaa.es\/wp-content\/uploads\/2020\/08\/BUNGALOW-aerea.jpg)\"><\/div><\/div><div class=\"tg-item-overlay\"><\/div><div class=\"tg-item-content\"><a class=\"tg-item-link\" href=\"https:\/\/momaa.es\/en\/bungalow-en-caribplaya-marbella\/\" target=\"_self\"><\/a><span class=\"tg-cats-holder\"><a class=\"category\" href=\"https:\/\/momaa.es\/en\/category\/2019-en\/\" rel=\"category\"><span class=\"tg-item-term\" >2019<\/span><\/a><span>, <\/span><a class=\"category\" href=\"https:\/\/momaa.es\/en\/category\/projects\/\" rel=\"category\"><span class=\"tg-item-term\" >Projects<\/span><\/a><span>, <\/span><a class=\"category\" href=\"https:\/\/momaa.es\/en\/category\/residential\/\" rel=\"category\"><span class=\"tg-item-term\" >RESIDENTIAL<\/span><\/a><\/span><h2 class=\"tg-item-title\"><a href=\"https:\/\/momaa.es\/en\/bungalow-en-caribplaya-marbella\/\" target=\"_self\">Rehabilitaci\u00f3n de Bungalow Caribplaya<\/a><\/h2><div class=\"tg-item-footer\"><span class=\"tg-item-author\"><a href=\"https:\/\/momaa.es\/en\/author\/momaa\/\" target=\"_self\" style=\"color:#ffffff\">Andres Moreno Mateo<\/a><\/span><a id=\"tolb-30382364\" class=\"tg-media-button\" data-tolb-src=\"https:\/\/momaa.es\/wp-content\/uploads\/2020\/08\/BUNGALOW-aerea.jpg\" data-tolb-type=\"image\" data-tolb-alt=\"BUNGALOW - A\u00e9rea\"><i class=\"tg-icon-add\"><\/i><\/a><\/div><\/div><\/div><\/div><\/article><!-- The Grid item #38 --><article class=\"tg-item tg-post-2378 brasilia f72 f42 f43\" data-date=\"1576406337\" data-row=\"1\" data-col=\"1\"><div class=\"tg-item-inner\"><div class=\"tg-item-media-holder tg-light\"><div class=\"tg-item-media-inner\"><div class=\"tg-item-image\" style=\"background-image: url(https:\/\/momaa.es\/wp-content\/uploads\/2021\/01\/Bungalow-Los-Monteros-de-Marbella-01.jpg)\"><\/div><\/div><div class=\"tg-item-overlay\"><\/div><div class=\"tg-item-content\"><a class=\"tg-item-link\" href=\"https:\/\/momaa.es\/en\/bungalow-los-monteros-marbella\/\" target=\"_self\"><\/a><span class=\"tg-cats-holder\"><a class=\"category\" href=\"https:\/\/momaa.es\/en\/category\/2021-en\/\" rel=\"category\"><span class=\"tg-item-term\" >2021<\/span><\/a><span>, <\/span><a class=\"category\" href=\"https:\/\/momaa.es\/en\/category\/projects\/\" rel=\"category\"><span class=\"tg-item-term\" >Projects<\/span><\/a><span>, <\/span><a class=\"category\" href=\"https:\/\/momaa.es\/en\/category\/residential\/\" rel=\"category\"><span class=\"tg-item-term\" >RESIDENTIAL<\/span><\/a><\/span><h2 class=\"tg-item-title\"><a href=\"https:\/\/momaa.es\/en\/bungalow-los-monteros-marbella\/\" target=\"_self\">Rehabilitaci\u00f3n Bungalow Los Monteros<\/a><\/h2><div class=\"tg-item-footer\"><span class=\"tg-item-author\"><a href=\"https:\/\/momaa.es\/en\/author\/momaa\/\" target=\"_self\" style=\"color:#ffffff\">Andres Moreno Mateo<\/a><\/span><a id=\"tolb-30382378\" class=\"tg-media-button\" data-tolb-src=\"https:\/\/momaa.es\/wp-content\/uploads\/2021\/01\/Bungalow-Los-Monteros-de-Marbella-01.jpg\" data-tolb-type=\"image\" data-tolb-alt=\"Bungalow Los Monteros de Marbella\"><i class=\"tg-icon-add\"><\/i><\/a><\/div><\/div><\/div><\/div><\/article><!-- The Grid item #39 --><article class=\"tg-item tg-post-2393 brasilia f46 f38 f42\" data-date=\"1576407200\" data-row=\"1\" data-col=\"1\"><div class=\"tg-item-inner\"><div class=\"tg-item-media-holder tg-light\"><div class=\"tg-item-media-inner\"><div class=\"tg-item-image\" style=\"background-image: url(https:\/\/momaa.es\/wp-content\/uploads\/2019\/12\/r1v2.jpg)\"><\/div><\/div><div class=\"tg-item-overlay\"><\/div><div class=\"tg-item-content\"><a class=\"tg-item-link\" href=\"https:\/\/momaa.es\/en\/oficina-bouque\/\" target=\"_self\"><\/a><span class=\"tg-cats-holder\"><a class=\"category\" href=\"https:\/\/momaa.es\/en\/category\/2019-en\/\" rel=\"category\"><span class=\"tg-item-term\" >2019<\/span><\/a><span>, <\/span><a class=\"category\" href=\"https:\/\/momaa.es\/en\/category\/public-space\/\" rel=\"category\"><span class=\"tg-item-term\" >PUBLIC SPACE<\/span><\/a><span>, <\/span><a class=\"category\" href=\"https:\/\/momaa.es\/en\/category\/projects\/\" rel=\"category\"><span class=\"tg-item-term\" >Projects<\/span><\/a><\/span><h2 class=\"tg-item-title\"><a href=\"https:\/\/momaa.es\/en\/oficina-bouque\/\" target=\"_self\">Oficina Boqu\u00e9_Maison Lu_Marbella<\/a><\/h2><div class=\"tg-item-footer\"><span class=\"tg-item-author\"><a href=\"https:\/\/momaa.es\/en\/author\/momaa\/\" target=\"_self\" style=\"color:#ffffff\">Andres Moreno Mateo<\/a><\/span><a id=\"tolb-30382393\" class=\"tg-media-button\" data-tolb-src=\"https:\/\/momaa.es\/wp-content\/uploads\/2019\/12\/r1v2.jpg\" data-tolb-type=\"image\" data-tolb-alt=\"OFICINA BOQU\u00c9 GROUP\"><i class=\"tg-icon-add\"><\/i><\/a><\/div><\/div><\/div><\/div><\/article><!-- The Grid item #40 --><article class=\"tg-item tg-post-2714 brasilia f45 f37 f38 f42\" data-date=\"1583699899\" data-row=\"1\" data-col=\"1\"><div class=\"tg-item-inner\"><div class=\"tg-item-media-holder tg-light\"><div class=\"tg-item-media-inner\"><div class=\"tg-item-image\" style=\"background-image: url(https:\/\/momaa.es\/wp-content\/uploads\/2020\/03\/Planta-Web-2.jpg)\"><\/div><\/div><div class=\"tg-item-overlay\"><\/div><div class=\"tg-item-content\"><a class=\"tg-item-link\" href=\"https:\/\/momaa.es\/en\/aula-abierta-para-colegio-eic\/\" target=\"_self\"><\/a><span class=\"tg-cats-holder\"><a class=\"category\" href=\"https:\/\/momaa.es\/en\/category\/2020-en\/\" rel=\"category\"><span class=\"tg-item-term\" >2020<\/span><\/a><span>, <\/span><a class=\"category\" href=\"https:\/\/momaa.es\/en\/category\/educational\/\" rel=\"category\"><span class=\"tg-item-term\" >EDUCATIONAL<\/span><\/a><span>, <\/span><a class=\"category\" href=\"https:\/\/momaa.es\/en\/category\/public-space\/\" rel=\"category\"><span class=\"tg-item-term\" >PUBLIC SPACE<\/span><\/a><span>, <\/span><a class=\"category\" href=\"https:\/\/momaa.es\/en\/category\/projects\/\" rel=\"category\"><span class=\"tg-item-term\" >Projects<\/span><\/a><\/span><h2 class=\"tg-item-title\"><a href=\"https:\/\/momaa.es\/en\/aula-abierta-para-colegio-eic\/\" target=\"_self\">Aula Abierta Para Colegio EIC<\/a><\/h2><div class=\"tg-item-footer\"><span class=\"tg-item-author\"><a href=\"https:\/\/momaa.es\/en\/author\/momaa\/\" target=\"_self\" style=\"color:#ffffff\">Andres Moreno Mateo<\/a><\/span><a id=\"tolb-30382714\" class=\"tg-media-button\" data-tolb-src=\"https:\/\/momaa.es\/wp-content\/uploads\/2020\/03\/Planta-Web-2.jpg\" data-tolb-type=\"image\" data-tolb-alt=\"EIC- Planta Web\"><i class=\"tg-icon-add\"><\/i><\/a><\/div><\/div><\/div><\/div><\/article><!-- The Grid item #41 --><article class=\"tg-item tg-post-3463 brasilia f45 f42 f43\" data-date=\"1583996826\" data-row=\"1\" data-col=\"1\"><div class=\"tg-item-inner\"><div class=\"tg-item-media-holder tg-light\"><div class=\"tg-item-media-inner\"><div class=\"tg-item-image\" style=\"background-image: url(https:\/\/momaa.es\/wp-content\/uploads\/2021\/10\/vivienda_unifamiliar_golf_-el_Paraiso_alto-1.jpg)\"><\/div><\/div><div class=\"tg-item-overlay\"><\/div><div class=\"tg-item-content\"><a class=\"tg-item-link\" href=\"https:\/\/momaa.es\/en\/casa-delfin-el-paraiso-golf-benahavis\/\" target=\"_self\"><\/a><span class=\"tg-cats-holder\"><a class=\"category\" href=\"https:\/\/momaa.es\/en\/category\/2020-en\/\" rel=\"category\"><span class=\"tg-item-term\" >2020<\/span><\/a><span>, <\/span><a class=\"category\" href=\"https:\/\/momaa.es\/en\/category\/projects\/\" rel=\"category\"><span class=\"tg-item-term\" >Projects<\/span><\/a><span>, <\/span><a class=\"category\" href=\"https:\/\/momaa.es\/en\/category\/residential\/\" rel=\"category\"><span class=\"tg-item-term\" >RESIDENTIAL<\/span><\/a><\/span><h2 class=\"tg-item-title\"><a href=\"https:\/\/momaa.es\/en\/casa-delfin-el-paraiso-golf-benahavis\/\" target=\"_self\">Casa Delfin, El Para\u00edso Golf, Benahavis<\/a><\/h2><div class=\"tg-item-footer\"><span class=\"tg-item-author\"><a href=\"https:\/\/momaa.es\/en\/author\/momaa\/\" target=\"_self\" style=\"color:#ffffff\">Andres Moreno Mateo<\/a><\/span><a id=\"tolb-30383463\" class=\"tg-media-button\" data-tolb-src=\"https:\/\/momaa.es\/wp-content\/uploads\/2021\/10\/vivienda_unifamiliar_golf_-el_Paraiso_alto-1.jpg\" data-tolb-type=\"image\" data-tolb-alt=\"Vivienda_unifamiliar_golf_ el_Paraiso_alto (1)\"><i class=\"tg-icon-add\"><\/i><\/a><\/div><\/div><\/div><\/div><\/article><!-- The Grid item #42 --><article class=\"tg-item tg-post-2760 brasilia f45 f37 f38 f42\" data-date=\"1595108760\" data-row=\"1\" data-col=\"1\"><div class=\"tg-item-inner\"><div class=\"tg-item-media-holder tg-light\"><div class=\"tg-item-media-inner\"><div class=\"tg-item-image\" style=\"background-image: url(https:\/\/momaa.es\/wp-content\/uploads\/2020\/08\/TEATRO.jpg)\"><\/div><\/div><div class=\"tg-item-overlay\"><\/div><div class=\"tg-item-content\"><a class=\"tg-item-link\" href=\"https:\/\/momaa.es\/en\/british-internacional-school-of-marbella\/\" target=\"_self\"><\/a><span class=\"tg-cats-holder\"><a class=\"category\" href=\"https:\/\/momaa.es\/en\/category\/2020-en\/\" rel=\"category\"><span class=\"tg-item-term\" >2020<\/span><\/a><span>, <\/span><a class=\"category\" href=\"https:\/\/momaa.es\/en\/category\/educational\/\" rel=\"category\"><span class=\"tg-item-term\" >EDUCATIONAL<\/span><\/a><span>, <\/span><a class=\"category\" href=\"https:\/\/momaa.es\/en\/category\/public-space\/\" rel=\"category\"><span class=\"tg-item-term\" >PUBLIC SPACE<\/span><\/a><span>, <\/span><a class=\"category\" href=\"https:\/\/momaa.es\/en\/category\/projects\/\" rel=\"category\"><span class=\"tg-item-term\" >Projects<\/span><\/a><\/span><h2 class=\"tg-item-title\"><a href=\"https:\/\/momaa.es\/en\/british-internacional-school-of-marbella\/\" target=\"_self\">British Internacional School of Marbella<\/a><\/h2><div class=\"tg-item-footer\"><span class=\"tg-item-author\"><a href=\"https:\/\/momaa.es\/en\/author\/momaa\/\" target=\"_self\" style=\"color:#ffffff\">Andres Moreno Mateo<\/a><\/span><a id=\"tolb-30382760\" class=\"tg-media-button\" data-tolb-src=\"https:\/\/momaa.es\/wp-content\/uploads\/2020\/08\/TEATRO.jpg\" data-tolb-type=\"image\" data-tolb-alt=\"Proyecto teatro\"><i class=\"tg-icon-add\"><\/i><\/a><\/div><\/div><\/div><\/div><\/article><!-- The Grid item #43 --><article class=\"tg-item tg-post-2799 brasilia f45 f67 f42\" data-date=\"1595537572\" data-row=\"1\" data-col=\"1\"><div class=\"tg-item-inner\"><div class=\"tg-item-media-holder tg-light\"><div class=\"tg-item-media-inner\"><div class=\"tg-item-image\" style=\"background-image: url(https:\/\/momaa.es\/wp-content\/uploads\/2020\/07\/MOSTRADOR-1.jpg)\"><\/div><\/div><div class=\"tg-item-overlay\"><\/div><div class=\"tg-item-content\"><a class=\"tg-item-link\" href=\"https:\/\/momaa.es\/en\/diseno-mostrador-colegio\/\" target=\"_self\"><\/a><span class=\"tg-cats-holder\"><a class=\"category\" href=\"https:\/\/momaa.es\/en\/category\/2020-en\/\" rel=\"category\"><span class=\"tg-item-term\" >2020<\/span><\/a><span>, <\/span><a class=\"category\" href=\"https:\/\/momaa.es\/en\/category\/interior-design\/\" rel=\"category\"><span class=\"tg-item-term\" >INTERIOR DESIGN<\/span><\/a><span>, <\/span><a class=\"category\" href=\"https:\/\/momaa.es\/en\/category\/projects\/\" rel=\"category\"><span class=\"tg-item-term\" >Projects<\/span><\/a><\/span><h2 class=\"tg-item-title\"><a href=\"https:\/\/momaa.es\/en\/diseno-mostrador-colegio\/\" target=\"_self\">DISE\u00d1O MOSTRADOR BISM<\/a><\/h2><div class=\"tg-item-footer\"><span class=\"tg-item-author\"><a href=\"https:\/\/momaa.es\/en\/author\/momaa\/\" target=\"_self\" style=\"color:#ffffff\">Andres Moreno Mateo<\/a><\/span><a id=\"tolb-30382799\" class=\"tg-media-button\" data-tolb-src=\"https:\/\/momaa.es\/wp-content\/uploads\/2020\/07\/MOSTRADOR-1.jpg\" data-tolb-type=\"image\" data-tolb-alt=\"MOSTRADOR - Mobiliario Hall Colegio\"><i class=\"tg-icon-add\"><\/i><\/a><\/div><\/div><\/div><\/div><\/article><!-- The Grid item #44 --><article class=\"tg-item tg-post-2809 brasilia f45 f67 f42\" data-date=\"1595538649\" data-row=\"1\" data-col=\"1\"><div class=\"tg-item-inner\"><div class=\"tg-item-media-holder tg-light\"><div class=\"tg-item-media-inner\"><div class=\"tg-item-image\" style=\"background-image: url(https:\/\/momaa.es\/wp-content\/uploads\/2020\/07\/20200723-Mobiliario-Hall-Colegio-800.jpg)\"><\/div><\/div><div class=\"tg-item-overlay\"><\/div><div class=\"tg-item-content\"><a class=\"tg-item-link\" href=\"https:\/\/momaa.es\/en\/diseno-libreria\/\" target=\"_self\"><\/a><span class=\"tg-cats-holder\"><a class=\"category\" href=\"https:\/\/momaa.es\/en\/category\/2020-en\/\" rel=\"category\"><span class=\"tg-item-term\" >2020<\/span><\/a><span>, <\/span><a class=\"category\" href=\"https:\/\/momaa.es\/en\/category\/interior-design\/\" rel=\"category\"><span class=\"tg-item-term\" >INTERIOR DESIGN<\/span><\/a><span>, <\/span><a class=\"category\" href=\"https:\/\/momaa.es\/en\/category\/projects\/\" rel=\"category\"><span class=\"tg-item-term\" >Projects<\/span><\/a><\/span><h2 class=\"tg-item-title\"><a href=\"https:\/\/momaa.es\/en\/diseno-libreria\/\" target=\"_self\">EXPOSITOR EN BRITISH SCHOOL MARBELLA<\/a><\/h2><div class=\"tg-item-footer\"><span class=\"tg-item-author\"><a href=\"https:\/\/momaa.es\/en\/author\/momaa\/\" target=\"_self\" style=\"color:#ffffff\">Andres Moreno Mateo<\/a><\/span><a id=\"tolb-30382809\" class=\"tg-media-button\" data-tolb-src=\"https:\/\/momaa.es\/wp-content\/uploads\/2020\/07\/20200723-Mobiliario-Hall-Colegio-800.jpg\" data-tolb-type=\"image\" data-tolb-alt=\"LIBRER\u00cdA - Mobiliario Hall Colegio 800\"><i class=\"tg-icon-add\"><\/i><\/a><\/div><\/div><\/div><\/div><\/article><!-- The Grid item #45 --><article class=\"tg-item tg-post-3431 brasilia f45 f42 f43\" data-date=\"1598130234\" data-row=\"1\" data-col=\"1\"><div class=\"tg-item-inner\"><div class=\"tg-item-media-holder tg-light\"><div class=\"tg-item-media-inner\"><div class=\"tg-item-image\" style=\"background-image: url(https:\/\/momaa.es\/wp-content\/uploads\/2021\/08\/monte-mayor_villa_lujo_venta-7.jpg)\"><\/div><\/div><div class=\"tg-item-overlay\"><\/div><div class=\"tg-item-content\"><a class=\"tg-item-link\" href=\"https:\/\/momaa.es\/en\/villa-en-monte-mayor-benahavis\/\" target=\"_self\"><\/a><span class=\"tg-cats-holder\"><a class=\"category\" href=\"https:\/\/momaa.es\/en\/category\/2020-en\/\" rel=\"category\"><span class=\"tg-item-term\" >2020<\/span><\/a><span>, <\/span><a class=\"category\" href=\"https:\/\/momaa.es\/en\/category\/projects\/\" rel=\"category\"><span class=\"tg-item-term\" >Projects<\/span><\/a><span>, <\/span><a class=\"category\" href=\"https:\/\/momaa.es\/en\/category\/residential\/\" rel=\"category\"><span class=\"tg-item-term\" >RESIDENTIAL<\/span><\/a><\/span><h2 class=\"tg-item-title\"><a href=\"https:\/\/momaa.es\/en\/villa-en-monte-mayor-benahavis\/\" target=\"_self\">Villa en Monte Mayor, Benahav\u00eds<\/a><\/h2><div class=\"tg-item-footer\"><span class=\"tg-item-author\"><a href=\"https:\/\/momaa.es\/en\/author\/momaa\/\" target=\"_self\" style=\"color:#ffffff\">Andres Moreno Mateo<\/a><\/span><a id=\"tolb-30383431\" class=\"tg-media-button\" data-tolb-src=\"https:\/\/momaa.es\/wp-content\/uploads\/2021\/08\/monte-mayor_villa_lujo_venta-7.jpg\" data-tolb-type=\"image\" data-tolb-alt=\"Monte mayor_villa_lujo_venta (7)\"><i class=\"tg-icon-add\"><\/i><\/a><\/div><\/div><\/div><\/div><\/article><!-- The Grid item #46 --><article class=\"tg-item tg-post-3184 brasilia f45 f38 f42\" data-date=\"1607459979\" data-row=\"1\" data-col=\"1\"><div class=\"tg-item-inner\"><div class=\"tg-item-media-holder tg-light\"><div class=\"tg-item-media-inner\"><div class=\"tg-item-image\" style=\"background-image: url(https:\/\/momaa.es\/wp-content\/uploads\/2020\/12\/REGENERACION-URBANA-COCLE-I-3.jpg)\"><\/div><\/div><div class=\"tg-item-overlay\"><\/div><div class=\"tg-item-content\"><a class=\"tg-item-link\" href=\"https:\/\/momaa.es\/en\/regeneracion-urbana-de-espacio-publico-marbella\/\" target=\"_self\"><\/a><span class=\"tg-cats-holder\"><a class=\"category\" href=\"https:\/\/momaa.es\/en\/category\/2020-en\/\" rel=\"category\"><span class=\"tg-item-term\" >2020<\/span><\/a><span>, <\/span><a class=\"category\" href=\"https:\/\/momaa.es\/en\/category\/public-space\/\" rel=\"category\"><span class=\"tg-item-term\" >PUBLIC SPACE<\/span><\/a><span>, <\/span><a class=\"category\" href=\"https:\/\/momaa.es\/en\/category\/projects\/\" rel=\"category\"><span class=\"tg-item-term\" >Projects<\/span><\/a><\/span><h2 class=\"tg-item-title\"><a href=\"https:\/\/momaa.es\/en\/regeneracion-urbana-de-espacio-publico-marbella\/\" target=\"_self\">Regeneraci\u00f3n Urbana de Espacio P\u00fablico Marbella, M\u00e1laga<\/a><\/h2><div class=\"tg-item-footer\"><span class=\"tg-item-author\"><a href=\"https:\/\/momaa.es\/en\/author\/momaa\/\" target=\"_self\" style=\"color:#ffffff\">Andres Moreno Mateo<\/a><\/span><a id=\"tolb-30383184\" class=\"tg-media-button\" data-tolb-src=\"https:\/\/momaa.es\/wp-content\/uploads\/2020\/12\/REGENERACION-URBANA-COCLE-I-3.jpg\" data-tolb-type=\"image\" data-tolb-alt=\"REGENERACION URBANA EN CALLE COCL\u00c9\"><i class=\"tg-icon-add\"><\/i><\/a><\/div><\/div><\/div><\/div><\/article><!-- The Grid item #47 --><article class=\"tg-item tg-post-3215 brasilia f45 f38 f42 f43 f44\" data-date=\"1608485739\" data-row=\"1\" data-col=\"1\"><div class=\"tg-item-inner\"><div class=\"tg-item-media-holder tg-light\"><div class=\"tg-item-media-inner\"><div class=\"tg-item-image\" style=\"background-image: url(https:\/\/momaa.es\/wp-content\/uploads\/2020\/12\/REHABILITACION-CHIMENA-SOLAR-CALLE-CABALLEROS-200X800.jpg)\"><\/div><\/div><div class=\"tg-item-overlay\"><\/div><div class=\"tg-item-content\"><a class=\"tg-item-link\" href=\"https:\/\/momaa.es\/en\/rehabilitacion-edificio-publico-marbella-malaga\/\" target=\"_self\"><\/a><span class=\"tg-cats-holder\"><a class=\"category\" href=\"https:\/\/momaa.es\/en\/category\/2020-en\/\" rel=\"category\"><span class=\"tg-item-term\" >2020<\/span><\/a><span>, <\/span><a class=\"category\" href=\"https:\/\/momaa.es\/en\/category\/public-space\/\" rel=\"category\"><span class=\"tg-item-term\" >PUBLIC SPACE<\/span><\/a><span>, <\/span><a class=\"category\" href=\"https:\/\/momaa.es\/en\/category\/projects\/\" rel=\"category\"><span class=\"tg-item-term\" >Projects<\/span><\/a><span>, <\/span><a class=\"category\" href=\"https:\/\/momaa.es\/en\/category\/residential\/\" rel=\"category\"><span class=\"tg-item-term\" >RESIDENTIAL<\/span><\/a><span>, <\/span><a class=\"category\" href=\"https:\/\/momaa.es\/en\/category\/town-planning\/\" rel=\"category\"><span class=\"tg-item-term\" >TOWN PLANNING<\/span><\/a><\/span><h2 class=\"tg-item-title\"><a href=\"https:\/\/momaa.es\/en\/rehabilitacion-edificio-publico-marbella-malaga\/\" target=\"_self\">Rehabilitaci\u00f3n Edificio P\u00fablico Marbella, M\u00e1laga<\/a><\/h2><div class=\"tg-item-footer\"><span class=\"tg-item-author\"><a href=\"https:\/\/momaa.es\/en\/author\/momaa\/\" target=\"_self\" style=\"color:#ffffff\">Andres Moreno Mateo<\/a><\/span><a id=\"tolb-30383215\" class=\"tg-media-button\" data-tolb-src=\"https:\/\/momaa.es\/wp-content\/uploads\/2020\/12\/REHABILITACION-CHIMENA-SOLAR-CALLE-CABALLEROS-200X800.jpg\" data-tolb-type=\"image\" data-tolb-alt=\"REHABILITACION CHIMENA SOLAR CALLE CABALLEROS 200X800\"><i class=\"tg-icon-add\"><\/i><\/a><\/div><\/div><\/div><\/div><\/article><!-- The Grid item #48 --><article class=\"tg-item tg-post-3257 brasilia f72 f38 f42 f44\" data-date=\"1610806030\" data-row=\"1\" data-col=\"1\"><div class=\"tg-item-inner\"><div class=\"tg-item-media-holder tg-light\"><div class=\"tg-item-media-inner\"><div class=\"tg-item-image\" style=\"background-image: url(https:\/\/momaa.es\/wp-content\/uploads\/2021\/01\/Idea-pasarela.jpg)\"><\/div><\/div><div class=\"tg-item-overlay\"><\/div><div class=\"tg-item-content\"><a class=\"tg-item-link\" href=\"https:\/\/momaa.es\/en\/pasarela-madera-marbella-malaga\/\" target=\"_self\"><\/a><span class=\"tg-cats-holder\"><a class=\"category\" href=\"https:\/\/momaa.es\/en\/category\/2021-en\/\" rel=\"category\"><span class=\"tg-item-term\" >2021<\/span><\/a><span>, <\/span><a class=\"category\" href=\"https:\/\/momaa.es\/en\/category\/public-space\/\" rel=\"category\"><span class=\"tg-item-term\" >PUBLIC SPACE<\/span><\/a><span>, <\/span><a class=\"category\" href=\"https:\/\/momaa.es\/en\/category\/projects\/\" rel=\"category\"><span class=\"tg-item-term\" >Projects<\/span><\/a><span>, <\/span><a class=\"category\" href=\"https:\/\/momaa.es\/en\/category\/town-planning\/\" rel=\"category\"><span class=\"tg-item-term\" >TOWN PLANNING<\/span><\/a><\/span><h2 class=\"tg-item-title\"><a href=\"https:\/\/momaa.es\/en\/pasarela-madera-marbella-malaga\/\" target=\"_self\">Pasarela Madera Marbella, M\u00e1laga<\/a><\/h2><div class=\"tg-item-footer\"><span class=\"tg-item-author\"><a href=\"https:\/\/momaa.es\/en\/author\/momaa\/\" target=\"_self\" style=\"color:#ffffff\">Andres Moreno Mateo<\/a><\/span><a id=\"tolb-30383257\" class=\"tg-media-button\" data-tolb-src=\"https:\/\/momaa.es\/wp-content\/uploads\/2021\/01\/Idea-pasarela.jpg\" data-tolb-type=\"image\" data-tolb-alt=\"Pasarela Madera Rio Guadaiza Marbella\"><i class=\"tg-icon-add\"><\/i><\/a><\/div><\/div><\/div><\/div><\/article><!-- The Grid item #49 --><article class=\"tg-item tg-post-3298 brasilia f72 f38 f42 f44\" data-date=\"1613205545\" data-row=\"1\" data-col=\"1\"><div class=\"tg-item-inner\"><div class=\"tg-item-media-holder tg-light\"><div class=\"tg-item-media-inner\"><div class=\"tg-item-image\" style=\"background-image: url(https:\/\/momaa.es\/wp-content\/uploads\/2021\/02\/Paseo-Maritimo-San-Pedro-Alcantara-1.jpg)\"><\/div><\/div><div class=\"tg-item-overlay\"><\/div><div class=\"tg-item-content\"><a class=\"tg-item-link\" href=\"https:\/\/momaa.es\/en\/eliminacion-de-barreras-arquitectonicas-san-pedro-alcantara-marbella\/\" target=\"_self\"><\/a><span class=\"tg-cats-holder\"><a class=\"category\" href=\"https:\/\/momaa.es\/en\/category\/2021-en\/\" rel=\"category\"><span class=\"tg-item-term\" >2021<\/span><\/a><span>, <\/span><a class=\"category\" href=\"https:\/\/momaa.es\/en\/category\/public-space\/\" rel=\"category\"><span class=\"tg-item-term\" >PUBLIC SPACE<\/span><\/a><span>, <\/span><a class=\"category\" href=\"https:\/\/momaa.es\/en\/category\/projects\/\" rel=\"category\"><span class=\"tg-item-term\" >Projects<\/span><\/a><span>, <\/span><a class=\"category\" href=\"https:\/\/momaa.es\/en\/category\/town-planning\/\" rel=\"category\"><span class=\"tg-item-term\" >TOWN PLANNING<\/span><\/a><\/span><h2 class=\"tg-item-title\"><a href=\"https:\/\/momaa.es\/en\/eliminacion-de-barreras-arquitectonicas-san-pedro-alcantara-marbella\/\" target=\"_self\">Eliminaci\u00f3n de Barreras Arquitect\u00f3nicas San Pedro Alc\u00e1ntara, Marbella.<\/a><\/h2><div class=\"tg-item-footer\"><span class=\"tg-item-author\"><a href=\"https:\/\/momaa.es\/en\/author\/momaa\/\" target=\"_self\" style=\"color:#ffffff\">Andres Moreno Mateo<\/a><\/span><a id=\"tolb-30383298\" class=\"tg-media-button\" data-tolb-src=\"https:\/\/momaa.es\/wp-content\/uploads\/2021\/02\/Paseo-Maritimo-San-Pedro-Alcantara-1.jpg\" data-tolb-type=\"image\" data-tolb-alt=\"Paseo Mar\u00edtimo San Pedro Alc\u00e1ntara\"><i class=\"tg-icon-add\"><\/i><\/a><\/div><\/div><\/div><\/div><\/article><!-- The Grid item #50 --><article class=\"tg-item tg-post-3348 brasilia f72 f42 f43\" data-date=\"1613841092\" data-row=\"1\" data-col=\"1\"><div class=\"tg-item-inner\"><div class=\"tg-item-media-holder tg-light\"><div class=\"tg-item-media-inner\"><div class=\"tg-item-image\" style=\"background-image: url(https:\/\/momaa.es\/wp-content\/uploads\/2021\/02\/proyecto-tres-patios-casco-antiguo-marbella-emplazamiento.jpg)\"><\/div><\/div><div class=\"tg-item-overlay\"><\/div><div class=\"tg-item-content\"><a class=\"tg-item-link\" href=\"https:\/\/momaa.es\/en\/casa-tres-patios-vivienda-entre-medianeras-marbella\/\" target=\"_self\"><\/a><span class=\"tg-cats-holder\"><a class=\"category\" href=\"https:\/\/momaa.es\/en\/category\/2021-en\/\" rel=\"category\"><span class=\"tg-item-term\" >2021<\/span><\/a><span>, <\/span><a class=\"category\" href=\"https:\/\/momaa.es\/en\/category\/projects\/\" rel=\"category\"><span class=\"tg-item-term\" >Projects<\/span><\/a><span>, <\/span><a class=\"category\" href=\"https:\/\/momaa.es\/en\/category\/residential\/\" rel=\"category\"><span class=\"tg-item-term\" >RESIDENTIAL<\/span><\/a><\/span><h2 class=\"tg-item-title\"><a href=\"https:\/\/momaa.es\/en\/casa-tres-patios-vivienda-entre-medianeras-marbella\/\" target=\"_self\">Casa Tres Patios, Vivienda Entre Medianeras, Marbella<\/a><\/h2><div class=\"tg-item-footer\"><span class=\"tg-item-author\"><a href=\"https:\/\/momaa.es\/en\/author\/momaa\/\" target=\"_self\" style=\"color:#ffffff\">Andres Moreno Mateo<\/a><\/span><a id=\"tolb-30383348\" class=\"tg-media-button\" data-tolb-src=\"https:\/\/momaa.es\/wp-content\/uploads\/2021\/02\/proyecto-tres-patios-casco-antiguo-marbella-emplazamiento.jpg\" data-tolb-type=\"image\" data-tolb-alt=\"Centro Hist\u00f3rico Marbella\"><i class=\"tg-icon-add\"><\/i><\/a><\/div><\/div><\/div><\/div><\/article><!-- The Grid item #51 --><article class=\"tg-item tg-post-3363 brasilia f72 f38 f42\" data-date=\"1615149925\" data-row=\"1\" data-col=\"1\"><div class=\"tg-item-inner\"><div class=\"tg-item-media-holder tg-light\"><div class=\"tg-item-media-inner\"><div class=\"tg-item-image\" style=\"background-image: url(https:\/\/momaa.es\/wp-content\/uploads\/2021\/03\/1.-exterior-1.jpg)\"><\/div><\/div><div class=\"tg-item-overlay\"><\/div><div class=\"tg-item-content\"><a class=\"tg-item-link\" href=\"https:\/\/momaa.es\/en\/escuela-de-danza-y-musica-san-pedro-de-alcantara-marbella\/\" target=\"_self\"><\/a><span class=\"tg-cats-holder\"><a class=\"category\" href=\"https:\/\/momaa.es\/en\/category\/2021-en\/\" rel=\"category\"><span class=\"tg-item-term\" >2021<\/span><\/a><span>, <\/span><a class=\"category\" href=\"https:\/\/momaa.es\/en\/category\/public-space\/\" rel=\"category\"><span class=\"tg-item-term\" >PUBLIC SPACE<\/span><\/a><span>, <\/span><a class=\"category\" href=\"https:\/\/momaa.es\/en\/category\/projects\/\" rel=\"category\"><span class=\"tg-item-term\" >Projects<\/span><\/a><\/span><h2 class=\"tg-item-title\"><a href=\"https:\/\/momaa.es\/en\/escuela-de-danza-y-musica-san-pedro-de-alcantara-marbella\/\" target=\"_self\">Escuela de Danza y M\u00fasica, San Pedro de Alc\u00e1ntara, Marbella<\/a><\/h2><div class=\"tg-item-footer\"><span class=\"tg-item-author\"><a href=\"https:\/\/momaa.es\/en\/author\/momaa\/\" target=\"_self\" style=\"color:#ffffff\">Andres Moreno Mateo<\/a><\/span><a id=\"tolb-30383363\" class=\"tg-media-button\" data-tolb-src=\"https:\/\/momaa.es\/wp-content\/uploads\/2021\/03\/1.-exterior-1.jpg\" data-tolb-type=\"image\" data-tolb-alt=\"1. exterior 1\"><i class=\"tg-icon-add\"><\/i><\/a><\/div><\/div><\/div><\/div><\/article><!-- The Grid item #52 --><article class=\"tg-item tg-post-3403 brasilia f72 f42 f43\" data-date=\"1623616134\" data-row=\"1\" data-col=\"1\"><div class=\"tg-item-inner\"><div class=\"tg-item-media-holder tg-light\"><div class=\"tg-item-media-inner\"><div class=\"tg-item-image\" style=\"background-image: url(https:\/\/momaa.es\/wp-content\/uploads\/2022\/10\/porche_marbella_sol.jpg)\"><\/div><\/div><div class=\"tg-item-overlay\"><\/div><div class=\"tg-item-content\"><a class=\"tg-item-link\" href=\"https:\/\/momaa.es\/en\/casa-torreon-ampliacion-y-rehabilitacion-de-vivienda-unifamiliar-marbella\/\" target=\"_self\"><\/a><span class=\"tg-cats-holder\"><a class=\"category\" href=\"https:\/\/momaa.es\/en\/category\/2021-en\/\" rel=\"category\"><span class=\"tg-item-term\" >2021<\/span><\/a><span>, <\/span><a class=\"category\" href=\"https:\/\/momaa.es\/en\/category\/projects\/\" rel=\"category\"><span class=\"tg-item-term\" >Projects<\/span><\/a><span>, <\/span><a class=\"category\" href=\"https:\/\/momaa.es\/en\/category\/residential\/\" rel=\"category\"><span class=\"tg-item-term\" >RESIDENTIAL<\/span><\/a><\/span><h2 class=\"tg-item-title\"><a href=\"https:\/\/momaa.es\/en\/casa-torreon-ampliacion-y-rehabilitacion-de-vivienda-unifamiliar-marbella\/\" target=\"_self\">Casa Torre\u00f3n, Ampliaci\u00f3n y Rehabilitaci\u00f3n de Vivienda Unifamiliar, Marbella<\/a><\/h2><div class=\"tg-item-footer\"><span class=\"tg-item-author\"><a href=\"https:\/\/momaa.es\/en\/author\/momaa\/\" target=\"_self\" style=\"color:#ffffff\">Andres Moreno Mateo<\/a><\/span><a id=\"tolb-30383403\" class=\"tg-media-button\" data-tolb-src=\"https:\/\/momaa.es\/wp-content\/uploads\/2022\/10\/porche_marbella_sol.jpg\" data-tolb-type=\"image\" data-tolb-alt=\"Porche_marbella_sol\"><i class=\"tg-icon-add\"><\/i><\/a><\/div><\/div><\/div><\/div><\/article><!-- The Grid item #53 --><article class=\"tg-item tg-post-3737 brasilia f72 f38 f42 f44\" data-date=\"1628865912\" data-row=\"1\" data-col=\"1\"><div class=\"tg-item-inner\"><div class=\"tg-item-media-holder tg-light\"><div class=\"tg-item-media-inner\"><div class=\"tg-item-image\" style=\"background-image: url(https:\/\/momaa.es\/wp-content\/uploads\/2022\/08\/vista-interior-rampa.jpg)\"><\/div><\/div><div class=\"tg-item-overlay\"><\/div><div class=\"tg-item-content\"><a class=\"tg-item-link\" href=\"https:\/\/momaa.es\/en\/aparcamiento-sub-terraneo-junto-al-centro-medico-ojen\/\" target=\"_self\"><\/a><span class=\"tg-cats-holder\"><a class=\"category\" href=\"https:\/\/momaa.es\/en\/category\/2021-en\/\" rel=\"category\"><span class=\"tg-item-term\" >2021<\/span><\/a><span>, <\/span><a class=\"category\" href=\"https:\/\/momaa.es\/en\/category\/public-space\/\" rel=\"category\"><span class=\"tg-item-term\" >PUBLIC SPACE<\/span><\/a><span>, <\/span><a class=\"category\" href=\"https:\/\/momaa.es\/en\/category\/projects\/\" rel=\"category\"><span class=\"tg-item-term\" >Projects<\/span><\/a><span>, <\/span><a class=\"category\" href=\"https:\/\/momaa.es\/en\/category\/town-planning\/\" rel=\"category\"><span class=\"tg-item-term\" >TOWN PLANNING<\/span><\/a><\/span><h2 class=\"tg-item-title\"><a href=\"https:\/\/momaa.es\/en\/aparcamiento-sub-terraneo-junto-al-centro-medico-ojen\/\" target=\"_self\">Aparcamiento sub-terraneo junto al Centro M\u00e9dico, Oj\u00e9n.<\/a><\/h2><div class=\"tg-item-footer\"><span class=\"tg-item-author\"><a href=\"https:\/\/momaa.es\/en\/author\/momaa\/\" target=\"_self\" style=\"color:#ffffff\">Andres Moreno Mateo<\/a><\/span><a id=\"tolb-30383737\" class=\"tg-media-button\" data-tolb-src=\"https:\/\/momaa.es\/wp-content\/uploads\/2022\/08\/vista-interior-rampa.jpg\" data-tolb-type=\"image\" data-tolb-alt=\"Vista interior rampa\"><i class=\"tg-icon-add\"><\/i><\/a><\/div><\/div><\/div><\/div><\/article><!-- The Grid item #54 --><article class=\"tg-item tg-post-3526 brasilia f72 f42 f43\" data-date=\"1634470928\" data-row=\"1\" data-col=\"1\"><div class=\"tg-item-inner\"><div class=\"tg-item-media-holder tg-light\"><div class=\"tg-item-media-inner\"><div class=\"tg-item-image\" style=\"background-image: url(https:\/\/momaa.es\/wp-content\/uploads\/2021\/10\/49-viviendas-casares-neinor-homes-5.jpg)\"><\/div><\/div><div class=\"tg-item-overlay\"><\/div><div class=\"tg-item-content\"><a class=\"tg-item-link\" href=\"https:\/\/momaa.es\/en\/49-viviendas-en-casares\/\" target=\"_self\"><\/a><span class=\"tg-cats-holder\"><a class=\"category\" href=\"https:\/\/momaa.es\/en\/category\/2021-en\/\" rel=\"category\"><span class=\"tg-item-term\" >2021<\/span><\/a><span>, <\/span><a class=\"category\" href=\"https:\/\/momaa.es\/en\/category\/projects\/\" rel=\"category\"><span class=\"tg-item-term\" >Projects<\/span><\/a><span>, <\/span><a class=\"category\" href=\"https:\/\/momaa.es\/en\/category\/residential\/\" rel=\"category\"><span class=\"tg-item-term\" >RESIDENTIAL<\/span><\/a><\/span><h2 class=\"tg-item-title\"><a href=\"https:\/\/momaa.es\/en\/49-viviendas-en-casares\/\" target=\"_self\">49 Viviendas en Casares-Royal Casares Homes<\/a><\/h2><div class=\"tg-item-footer\"><span class=\"tg-item-author\"><a href=\"https:\/\/momaa.es\/en\/author\/momaa\/\" target=\"_self\" style=\"color:#ffffff\">Andres Moreno Mateo<\/a><\/span><a id=\"tolb-30383526\" class=\"tg-media-button\" data-tolb-src=\"https:\/\/momaa.es\/wp-content\/uploads\/2021\/10\/49-viviendas-casares-neinor-homes-5.jpg\" data-tolb-type=\"image\" data-tolb-alt=\"49-viviendas-casares-neinor-homes (5)\"><i class=\"tg-icon-add\"><\/i><\/a><\/div><\/div><\/div><\/div><\/article><!-- The Grid item #55 --><article class=\"tg-item tg-post-3686 brasilia f73 f38 f42 f44\" data-date=\"1647204656\" data-row=\"1\" data-col=\"1\"><div class=\"tg-item-inner\"><div class=\"tg-item-media-holder tg-light\"><div class=\"tg-item-media-inner\"><div class=\"tg-item-image\" style=\"background-image: url(https:\/\/momaa.es\/wp-content\/uploads\/2022\/03\/fuente-bautismal-montaje-san-pedro-alcantara.jpg)\"><\/div><\/div><div class=\"tg-item-overlay\"><\/div><div class=\"tg-item-content\"><a class=\"tg-item-link\" href=\"https:\/\/momaa.es\/en\/eliminacion-de-barreras-arquitectonicas-san-pedro-alcantara-marbella-2\/\" target=\"_self\"><\/a><span class=\"tg-cats-holder\"><a class=\"category\" href=\"https:\/\/momaa.es\/en\/category\/2022-en\/\" rel=\"category\"><span class=\"tg-item-term\" >2022<\/span><\/a><span>, <\/span><a class=\"category\" href=\"https:\/\/momaa.es\/en\/category\/public-space\/\" rel=\"category\"><span class=\"tg-item-term\" >PUBLIC SPACE<\/span><\/a><span>, <\/span><a class=\"category\" href=\"https:\/\/momaa.es\/en\/category\/projects\/\" rel=\"category\"><span class=\"tg-item-term\" >Projects<\/span><\/a><span>, <\/span><a class=\"category\" href=\"https:\/\/momaa.es\/en\/category\/town-planning\/\" rel=\"category\"><span class=\"tg-item-term\" >TOWN PLANNING<\/span><\/a><\/span><h2 class=\"tg-item-title\"><a href=\"https:\/\/momaa.es\/en\/eliminacion-de-barreras-arquitectonicas-san-pedro-alcantara-marbella-2\/\" target=\"_self\">Fuente Bautismal, San Pedro Alc\u00e1ntara, Marbella.<\/a><\/h2><div class=\"tg-item-footer\"><span class=\"tg-item-author\"><a href=\"https:\/\/momaa.es\/en\/author\/momaa\/\" target=\"_self\" style=\"color:#ffffff\">Andres Moreno Mateo<\/a><\/span><a id=\"tolb-30383686\" class=\"tg-media-button\" data-tolb-src=\"https:\/\/momaa.es\/wp-content\/uploads\/2022\/03\/fuente-bautismal-montaje-san-pedro-alcantara.jpg\" data-tolb-type=\"image\" data-tolb-alt=\"Fuente bautismal montaje san pedro alcantara\"><i class=\"tg-icon-add\"><\/i><\/a><\/div><\/div><\/div><\/div><\/article><!-- The Grid item #56 --><article class=\"tg-item tg-post-3756 brasilia f73 f42 f43\" data-date=\"1662306150\" data-row=\"1\" data-col=\"1\"><div class=\"tg-item-inner\"><div class=\"tg-item-media-holder tg-light\"><div class=\"tg-item-media-inner\"><div class=\"tg-item-image\" style=\"background-image: url(https:\/\/momaa.es\/wp-content\/uploads\/2022\/09\/piscina_alicates-playas_marbella_1-1.jpg)\"><\/div><\/div><div class=\"tg-item-overlay\"><\/div><div class=\"tg-item-content\"><a class=\"tg-item-link\" href=\"https:\/\/momaa.es\/en\/piscina-y-solarium-en-alicates-playas-marbella\/\" target=\"_self\"><\/a><span class=\"tg-cats-holder\"><a class=\"category\" href=\"https:\/\/momaa.es\/en\/category\/2022-en\/\" rel=\"category\"><span class=\"tg-item-term\" >2022<\/span><\/a><span>, <\/span><a class=\"category\" href=\"https:\/\/momaa.es\/en\/category\/projects\/\" rel=\"category\"><span class=\"tg-item-term\" >Projects<\/span><\/a><span>, <\/span><a class=\"category\" href=\"https:\/\/momaa.es\/en\/category\/residential\/\" rel=\"category\"><span class=\"tg-item-term\" >RESIDENTIAL<\/span><\/a><\/span><h2 class=\"tg-item-title\"><a href=\"https:\/\/momaa.es\/en\/piscina-y-solarium-en-alicates-playas-marbella\/\" target=\"_self\">PISCINA Y SOLARIUM EN ALICATES PLAYAS, MARBELLA<\/a><\/h2><div class=\"tg-item-footer\"><span class=\"tg-item-author\"><a href=\"https:\/\/momaa.es\/en\/author\/momaa\/\" target=\"_self\" style=\"color:#ffffff\">Andres Moreno Mateo<\/a><\/span><a id=\"tolb-30383756\" class=\"tg-media-button\" data-tolb-src=\"https:\/\/momaa.es\/wp-content\/uploads\/2022\/09\/piscina_alicates-playas_marbella_1-1.jpg\" data-tolb-type=\"image\" data-tolb-alt=\"Piscina_alicates playas_marbella_1\"><i class=\"tg-icon-add\"><\/i><\/a><\/div><\/div><\/div><\/div><\/article><!-- The Grid item #57 --><article class=\"tg-item tg-post-3784 brasilia f73 f42 f43\" data-date=\"1662307398\" data-row=\"1\" data-col=\"1\"><div class=\"tg-item-inner\"><div class=\"tg-item-media-holder tg-light\"><div class=\"tg-item-media-inner\"><div class=\"tg-item-image\" style=\"background-image: url(https:\/\/momaa.es\/wp-content\/uploads\/2022\/09\/propuesta_baja_torreblanca_fuengirola.jpg)\"><\/div><\/div><div class=\"tg-item-overlay\"><\/div><div class=\"tg-item-content\"><a class=\"tg-item-link\" href=\"https:\/\/momaa.es\/en\/two-houses-in-fuengirola\/\" target=\"_self\"><\/a><span class=\"tg-cats-holder\"><a class=\"category\" href=\"https:\/\/momaa.es\/en\/category\/2022-en\/\" rel=\"category\"><span class=\"tg-item-term\" >2022<\/span><\/a><span>, <\/span><a class=\"category\" href=\"https:\/\/momaa.es\/en\/category\/projects\/\" rel=\"category\"><span class=\"tg-item-term\" >Projects<\/span><\/a><span>, <\/span><a class=\"category\" href=\"https:\/\/momaa.es\/en\/category\/residential\/\" rel=\"category\"><span class=\"tg-item-term\" >RESIDENTIAL<\/span><\/a><\/span><h2 class=\"tg-item-title\"><a href=\"https:\/\/momaa.es\/en\/two-houses-in-fuengirola\/\" target=\"_self\">TWO HOUSES IN FUENGIROLA<\/a><\/h2><div class=\"tg-item-footer\"><span class=\"tg-item-author\"><a href=\"https:\/\/momaa.es\/en\/author\/momaa\/\" target=\"_self\" style=\"color:#ffffff\">Andres Moreno Mateo<\/a><\/span><a id=\"tolb-30383784\" class=\"tg-media-button\" data-tolb-src=\"https:\/\/momaa.es\/wp-content\/uploads\/2022\/09\/propuesta_baja_torreblanca_fuengirola.jpg\" data-tolb-type=\"image\" data-tolb-alt=\"Propuesta_baja_torreblanca_fuengirola\"><i class=\"tg-icon-add\"><\/i><\/a><\/div><\/div><\/div><\/div><\/article><!-- The Grid item #58 --><article class=\"tg-item tg-post-3844 brasilia f73 f42 f43\" data-date=\"1672055828\" data-row=\"1\" data-col=\"1\"><div class=\"tg-item-inner\"><div class=\"tg-item-media-holder tg-light\"><div class=\"tg-item-media-inner\"><div class=\"tg-item-image\" style=\"background-image: url(https:\/\/momaa.es\/wp-content\/uploads\/2022\/12\/reforma_apartamento_bahia_marbella_02.jpg)\"><\/div><\/div><div class=\"tg-item-overlay\"><\/div><div class=\"tg-item-content\"><a class=\"tg-item-link\" href=\"https:\/\/momaa.es\/en\/reforma-de-apartamento-atico-en-bahia-de-marbella\/\" target=\"_self\"><\/a><span class=\"tg-cats-holder\"><a class=\"category\" href=\"https:\/\/momaa.es\/en\/category\/2022-en\/\" rel=\"category\"><span class=\"tg-item-term\" >2022<\/span><\/a><span>, <\/span><a class=\"category\" href=\"https:\/\/momaa.es\/en\/category\/projects\/\" rel=\"category\"><span class=\"tg-item-term\" >Projects<\/span><\/a><span>, <\/span><a class=\"category\" href=\"https:\/\/momaa.es\/en\/category\/residential\/\" rel=\"category\"><span class=\"tg-item-term\" >RESIDENTIAL<\/span><\/a><\/span><h2 class=\"tg-item-title\"><a href=\"https:\/\/momaa.es\/en\/reforma-de-apartamento-atico-en-bahia-de-marbella\/\" target=\"_self\">Reforma de Apartamento \u00c1tico en Bah\u00eda de Marbella<\/a><\/h2><div class=\"tg-item-footer\"><span class=\"tg-item-author\"><a href=\"https:\/\/momaa.es\/en\/author\/momaa\/\" target=\"_self\" style=\"color:#ffffff\">Andres Moreno Mateo<\/a><\/span><a id=\"tolb-30383844\" class=\"tg-media-button\" data-tolb-src=\"https:\/\/momaa.es\/wp-content\/uploads\/2022\/12\/reforma_apartamento_bahia_marbella_02.jpg\" data-tolb-type=\"image\" data-tolb-alt=\"Reforma_apartamento_bahia_marbella_02\"><i class=\"tg-icon-add\"><\/i><\/a><\/div><\/div><\/div><\/div><\/article><!-- The Grid item #59 --><article class=\"tg-item tg-post-3889 brasilia f74 f42 f43\" data-date=\"1691323627\" data-row=\"1\" data-col=\"1\"><div class=\"tg-item-inner\"><div class=\"tg-item-media-holder tg-light\"><div class=\"tg-item-media-inner\"><div class=\"tg-item-image\" style=\"background-image: url(https:\/\/momaa.es\/wp-content\/uploads\/2023\/08\/Imagen-2_Villa-11_Golf_-Elviria_Marbella.jpeg)\"><\/div><\/div><div class=\"tg-item-overlay\"><\/div><div class=\"tg-item-content\"><a class=\"tg-item-link\" href=\"https:\/\/momaa.es\/en\/santa-maria-golf_casa-11_marbella\/\" target=\"_self\"><\/a><span class=\"tg-cats-holder\"><a class=\"category\" href=\"https:\/\/momaa.es\/en\/category\/2023-en\/\" rel=\"category\"><span class=\"tg-item-term\" >2023<\/span><\/a><span>, <\/span><a class=\"category\" href=\"https:\/\/momaa.es\/en\/category\/projects\/\" rel=\"category\"><span class=\"tg-item-term\" >Projects<\/span><\/a><span>, <\/span><a class=\"category\" href=\"https:\/\/momaa.es\/en\/category\/residential\/\" rel=\"category\"><span class=\"tg-item-term\" >RESIDENTIAL<\/span><\/a><\/span><h2 class=\"tg-item-title\"><a href=\"https:\/\/momaa.es\/en\/santa-maria-golf_casa-11_marbella\/\" target=\"_self\">Santa Mar\u00eda Golf_Casa 11_Marbella<\/a><\/h2><div class=\"tg-item-footer\"><span class=\"tg-item-author\"><a href=\"https:\/\/momaa.es\/en\/author\/momaa\/\" target=\"_self\" style=\"color:#ffffff\">Andres Moreno Mateo<\/a><\/span><a id=\"tolb-30383889\" class=\"tg-media-button\" data-tolb-src=\"https:\/\/momaa.es\/wp-content\/uploads\/2023\/08\/Imagen-2_Villa-11_Golf_-Elviria_Marbella.jpeg\" data-tolb-type=\"image\" data-tolb-alt=\"Imagen 2_Villa 11_Golf_ Elviria_Marbella\"><i class=\"tg-icon-add\"><\/i><\/a><\/div><\/div><\/div><\/div><\/article><!-- The Grid item #60 --><article class=\"tg-item tg-post-3899 brasilia f74 f40 f44\" data-date=\"1695570007\" data-row=\"1\" data-col=\"1\"><div class=\"tg-item-inner\"><div class=\"tg-item-media-holder tg-light\"><div class=\"tg-item-media-inner\"><div class=\"tg-item-image\" style=\"background-image: url(https:\/\/momaa.es\/wp-content\/uploads\/2023\/09\/20230921-AL-ANDALUS.jpg)\"><\/div><\/div><div class=\"tg-item-overlay\"><\/div><div class=\"tg-item-content\"><a class=\"tg-item-link\" href=\"https:\/\/momaa.es\/en\/20230921-creando-ciudad-intervencion-urbana-parque-al-andalus\/\" target=\"_self\"><\/a><span class=\"tg-cats-holder\"><a class=\"category\" href=\"https:\/\/momaa.es\/en\/category\/2023-en\/\" rel=\"category\"><span class=\"tg-item-term\" >2023<\/span><\/a><span>, <\/span><a class=\"category\" href=\"https:\/\/momaa.es\/en\/category\/news\/\" rel=\"category\"><span class=\"tg-item-term\" >News<\/span><\/a><span>, <\/span><a class=\"category\" href=\"https:\/\/momaa.es\/en\/category\/town-planning\/\" rel=\"category\"><span class=\"tg-item-term\" >TOWN PLANNING<\/span><\/a><\/span><h2 class=\"tg-item-title\"><a href=\"https:\/\/momaa.es\/en\/20230921-creando-ciudad-intervencion-urbana-parque-al-andalus\/\" target=\"_self\">2023 CREANDO CIUDAD. INTERVENCION URBANA PARQUE AL ANDALUS<\/a><\/h2><div class=\"tg-item-footer\"><span class=\"tg-item-author\"><a href=\"https:\/\/momaa.es\/en\/author\/momaa\/\" target=\"_self\" style=\"color:#ffffff\">Andres Moreno Mateo<\/a><\/span><a id=\"tolb-30383899\" class=\"tg-media-button\" data-tolb-src=\"https:\/\/momaa.es\/wp-content\/uploads\/2023\/09\/20230921-AL-ANDALUS.jpg\" data-tolb-type=\"image\" data-tolb-alt=\"20230921 AL ANDALUS\"><i class=\"tg-icon-add\"><\/i><\/a><\/div><\/div><\/div><\/div><\/article><!-- The Grid item #61 --><article class=\"tg-item tg-post-3906 brasilia f74 f42 f43\" data-date=\"1695582665\" data-row=\"1\" data-col=\"1\"><div class=\"tg-item-inner\"><div class=\"tg-item-media-holder tg-light\"><div class=\"tg-item-media-inner\"><div class=\"tg-item-image\" style=\"background-image: url(https:\/\/momaa.es\/wp-content\/uploads\/2023\/09\/IMG_1448.JPG-1200X800.jpg)\"><\/div><\/div><div class=\"tg-item-overlay\"><\/div><div class=\"tg-item-content\"><a class=\"tg-item-link\" href=\"https:\/\/momaa.es\/en\/casa-l-nueva-andalucia-marbella\/\" target=\"_self\"><\/a><span class=\"tg-cats-holder\"><a class=\"category\" href=\"https:\/\/momaa.es\/en\/category\/2023-en\/\" rel=\"category\"><span class=\"tg-item-term\" >2023<\/span><\/a><span>, <\/span><a class=\"category\" href=\"https:\/\/momaa.es\/en\/category\/projects\/\" rel=\"category\"><span class=\"tg-item-term\" >Projects<\/span><\/a><span>, <\/span><a class=\"category\" href=\"https:\/\/momaa.es\/en\/category\/residential\/\" rel=\"category\"><span class=\"tg-item-term\" >RESIDENTIAL<\/span><\/a><\/span><h2 class=\"tg-item-title\"><a href=\"https:\/\/momaa.es\/en\/casa-l-nueva-andalucia-marbella\/\" target=\"_self\">CASA L. LUIS DE GONGORA. NUEVA ANDALUCIA. MARBELLA<\/a><\/h2><div class=\"tg-item-footer\"><span class=\"tg-item-author\"><a href=\"https:\/\/momaa.es\/en\/author\/momaa\/\" target=\"_self\" style=\"color:#ffffff\">Andres Moreno Mateo<\/a><\/span><a id=\"tolb-30383906\" class=\"tg-media-button\" data-tolb-src=\"https:\/\/momaa.es\/wp-content\/uploads\/2023\/09\/IMG_1448.JPG-1200X800.jpg\" data-tolb-type=\"image\" data-tolb-alt=\"IMG_1448.JPG 1200X800\"><i class=\"tg-icon-add\"><\/i><\/a><\/div><\/div><\/div><\/div><\/article><!-- The Grid item #62 --><article class=\"tg-item tg-post-3954 brasilia f74 f42 f43\" data-date=\"1704463294\" data-row=\"1\" data-col=\"1\"><div class=\"tg-item-inner\"><div class=\"tg-item-media-holder tg-light\"><div class=\"tg-item-media-inner\"><div class=\"tg-item-image\" style=\"background-image: url(https:\/\/momaa.es\/wp-content\/uploads\/2024\/01\/VILLA_ALZADO-PISCINA_DISENO_EL-TRAPICHE_MARBELLA.jpeg)\"><\/div><\/div><div class=\"tg-item-overlay\"><\/div><div class=\"tg-item-content\"><a class=\"tg-item-link\" href=\"https:\/\/momaa.es\/en\/el-trapiche_casa-8_marbella\/\" target=\"_self\"><\/a><span class=\"tg-cats-holder\"><a class=\"category\" href=\"https:\/\/momaa.es\/en\/category\/2023-en\/\" rel=\"category\"><span class=\"tg-item-term\" >2023<\/span><\/a><span>, <\/span><a class=\"category\" href=\"https:\/\/momaa.es\/en\/category\/projects\/\" rel=\"category\"><span class=\"tg-item-term\" >Projects<\/span><\/a><span>, <\/span><a class=\"category\" href=\"https:\/\/momaa.es\/en\/category\/residential\/\" rel=\"category\"><span class=\"tg-item-term\" >RESIDENTIAL<\/span><\/a><\/span><h2 class=\"tg-item-title\"><a href=\"https:\/\/momaa.es\/en\/el-trapiche_casa-8_marbella\/\" target=\"_self\">El Trapiche_Casa 8_Marbella<\/a><\/h2><div class=\"tg-item-footer\"><span class=\"tg-item-author\"><a href=\"https:\/\/momaa.es\/en\/author\/momaa\/\" target=\"_self\" style=\"color:#ffffff\">Andres Moreno Mateo<\/a><\/span><a id=\"tolb-30383954\" class=\"tg-media-button\" data-tolb-src=\"https:\/\/momaa.es\/wp-content\/uploads\/2024\/01\/VILLA_ALZADO-PISCINA_DISENO_EL-TRAPICHE_MARBELLA.jpeg\" data-tolb-type=\"image\" data-tolb-alt=\"VILLA_ALZADO PISCINA_DISE\u00d1O_EL TRAPICHE_MARBELLA\"><i class=\"tg-icon-add\"><\/i><\/a><\/div><\/div><\/div><\/div><\/article><!-- The Grid item #63 --><article class=\"tg-item tg-post-3977 brasilia f76 f38 f42 f44\" data-date=\"1707848828\" data-row=\"1\" data-col=\"1\"><div class=\"tg-item-inner\"><div class=\"tg-item-media-holder tg-light\"><div class=\"tg-item-media-inner\"><div class=\"tg-item-image\" style=\"background-image: url(https:\/\/momaa.es\/wp-content\/uploads\/2024\/02\/POLIDEPORTIVO_CARLOS_CABEZA_MARBELLA_FOTOMONTAJE.jpg)\"><\/div><\/div><div class=\"tg-item-overlay\"><\/div><div class=\"tg-item-content\"><a class=\"tg-item-link\" href=\"https:\/\/momaa.es\/en\/cubierta-pista-deportiva-pabellon-carlos-cabeza-marbella\/\" target=\"_self\"><\/a><span class=\"tg-cats-holder\"><a class=\"category\" href=\"https:\/\/momaa.es\/category\/chronology\/2024\/\" rel=\"category\"><span class=\"tg-item-term\" >2024<\/span><\/a><span>, <\/span><a class=\"category\" href=\"https:\/\/momaa.es\/en\/category\/public-space\/\" rel=\"category\"><span class=\"tg-item-term\" >PUBLIC SPACE<\/span><\/a><span>, <\/span><a class=\"category\" href=\"https:\/\/momaa.es\/en\/category\/projects\/\" rel=\"category\"><span class=\"tg-item-term\" >Projects<\/span><\/a><span>, <\/span><a class=\"category\" href=\"https:\/\/momaa.es\/en\/category\/town-planning\/\" rel=\"category\"><span class=\"tg-item-term\" >TOWN PLANNING<\/span><\/a><\/span><h2 class=\"tg-item-title\"><a href=\"https:\/\/momaa.es\/en\/cubierta-pista-deportiva-pabellon-carlos-cabeza-marbella\/\" target=\"_self\">Cubierta Pista Deportiva Pabell\u00f3n Carlos Cabezas, Marbella.<\/a><\/h2><div class=\"tg-item-footer\"><span class=\"tg-item-author\"><a href=\"https:\/\/momaa.es\/en\/author\/momaa\/\" target=\"_self\" style=\"color:#ffffff\">Andres Moreno Mateo<\/a><\/span><a id=\"tolb-30383977\" class=\"tg-media-button\" data-tolb-src=\"https:\/\/momaa.es\/wp-content\/uploads\/2024\/02\/POLIDEPORTIVO_CARLOS_CABEZA_MARBELLA_FOTOMONTAJE.jpg\" data-tolb-type=\"image\" data-tolb-alt=\"POLIDEPORTIVO_CARLOS_CABEZA_MARBELLA_FOTOMONTAJE\"><i class=\"tg-icon-add\"><\/i><\/a><\/div><\/div><\/div><\/div><\/article><!-- The Grid item #64 --><article class=\"tg-item tg-post-4030 brasilia f77 f42 f43\" data-date=\"1740920103\" data-row=\"1\" data-col=\"1\"><div class=\"tg-item-inner\"><div class=\"tg-item-media-holder tg-light\"><div class=\"tg-item-media-inner\"><div class=\"tg-item-image\" style=\"background-image: url(https:\/\/momaa.es\/wp-content\/uploads\/2025\/03\/Villa_Marbella_Camojan_Piscina_II.jpg)\"><\/div><\/div><div class=\"tg-item-overlay\"><\/div><div class=\"tg-item-content\"><a class=\"tg-item-link\" href=\"https:\/\/momaa.es\/en\/casa-allure_marbella\/\" target=\"_self\"><\/a><span class=\"tg-cats-holder\"><a class=\"category\" href=\"https:\/\/momaa.es\/category\/chronology\/2025\/\" rel=\"category\"><span class=\"tg-item-term\" >2025<\/span><\/a><span>, <\/span><a class=\"category\" href=\"https:\/\/momaa.es\/en\/category\/projects\/\" rel=\"category\"><span class=\"tg-item-term\" >Projects<\/span><\/a><span>, <\/span><a class=\"category\" href=\"https:\/\/momaa.es\/en\/category\/residential\/\" rel=\"category\"><span class=\"tg-item-term\" >RESIDENTIAL<\/span><\/a><\/span><h2 class=\"tg-item-title\"><a href=\"https:\/\/momaa.es\/en\/casa-allure_marbella\/\" target=\"_self\">Casa Allure_Marbella<\/a><\/h2><div class=\"tg-item-footer\"><span class=\"tg-item-author\"><a href=\"https:\/\/momaa.es\/en\/author\/momaa\/\" target=\"_self\" style=\"color:#ffffff\">Andres Moreno Mateo<\/a><\/span><a id=\"tolb-30384030\" class=\"tg-media-button\" data-tolb-src=\"https:\/\/momaa.es\/wp-content\/uploads\/2025\/03\/Villa_Marbella_Camojan_Piscina_II.jpg\" data-tolb-type=\"image\" data-tolb-alt=\"Villa_Marbella_Camojan_Piscina_II\"><i class=\"tg-icon-add\"><\/i><\/a><\/div><\/div><\/div><\/div><\/article><!-- The Grid item #65 --><article class=\"tg-item tg-post-4440 brasilia f77 f38 f42 f44\" data-date=\"1765005680\" data-row=\"1\" data-col=\"1\"><div class=\"tg-item-inner\"><div class=\"tg-item-media-holder tg-light\"><div class=\"tg-item-media-inner\"><div class=\"tg-item-image\" style=\"background-image: url(https:\/\/momaa.es\/wp-content\/uploads\/2025\/12\/Co-working-the-deck-benahavis-5.jpeg)\"><\/div><\/div><div class=\"tg-item-overlay\"><\/div><div class=\"tg-item-content\"><a class=\"tg-item-link\" href=\"https:\/\/momaa.es\/en\/edificio-programatico-the-deck-benahavis\/\" target=\"_self\"><\/a><span class=\"tg-cats-holder\"><a class=\"category\" href=\"https:\/\/momaa.es\/category\/chronology\/2025\/\" rel=\"category\"><span class=\"tg-item-term\" >2025<\/span><\/a><span>, <\/span><a class=\"category\" href=\"https:\/\/momaa.es\/en\/category\/public-space\/\" rel=\"category\"><span class=\"tg-item-term\" >PUBLIC SPACE<\/span><\/a><span>, <\/span><a class=\"category\" href=\"https:\/\/momaa.es\/en\/category\/projects\/\" rel=\"category\"><span class=\"tg-item-term\" >Projects<\/span><\/a><span>, <\/span><a class=\"category\" href=\"https:\/\/momaa.es\/en\/category\/town-planning\/\" rel=\"category\"><span class=\"tg-item-term\" >TOWN PLANNING<\/span><\/a><\/span><h2 class=\"tg-item-title\"><a href=\"https:\/\/momaa.es\/en\/edificio-programatico-the-deck-benahavis\/\" target=\"_self\">Edificio Program\u00e1tico &#8220;THE DECK&#8221;, Benahav\u00eds<\/a><\/h2><div class=\"tg-item-footer\"><span class=\"tg-item-author\"><a href=\"https:\/\/momaa.es\/en\/author\/momaa\/\" target=\"_self\" style=\"color:#ffffff\">Andres Moreno Mateo<\/a><\/span><a id=\"tolb-30384440\" class=\"tg-media-button\" data-tolb-src=\"https:\/\/momaa.es\/wp-content\/uploads\/2025\/12\/Co-working-the-deck-benahavis-5.jpeg\" data-tolb-type=\"image\" data-tolb-alt=\"Co working the deck benahavis (5)\"><i class=\"tg-icon-add\"><\/i><\/a><\/div><\/div><\/div><\/div><\/article><!-- The Grid item #66 --><article class=\"tg-item tg-post-4509 brasilia f73 f42 f43\" data-date=\"1771188480\" data-row=\"1\" data-col=\"1\"><div class=\"tg-item-inner\"><div class=\"tg-item-media-holder tg-light\"><div class=\"tg-item-media-inner\"><div class=\"tg-item-image\" style=\"background-image: url(https:\/\/momaa.es\/wp-content\/uploads\/2026\/02\/AECA_68-VIVIENDAS_ARANA_ESTEPONA-7.jpg)\"><\/div><\/div><div class=\"tg-item-overlay\"><\/div><div class=\"tg-item-content\"><a class=\"tg-item-link\" href=\"https:\/\/momaa.es\/en\/68-viviendas-en-estepona\/\" target=\"_self\"><\/a><span class=\"tg-cats-holder\"><a class=\"category\" href=\"https:\/\/momaa.es\/en\/category\/2022-en\/\" rel=\"category\"><span class=\"tg-item-term\" >2022<\/span><\/a><span>, <\/span><a class=\"category\" href=\"https:\/\/momaa.es\/en\/category\/projects\/\" rel=\"category\"><span class=\"tg-item-term\" >Projects<\/span><\/a><span>, <\/span><a class=\"category\" href=\"https:\/\/momaa.es\/en\/category\/residential\/\" rel=\"category\"><span class=\"tg-item-term\" >RESIDENTIAL<\/span><\/a><\/span><h2 class=\"tg-item-title\"><a href=\"https:\/\/momaa.es\/en\/68-viviendas-en-estepona\/\" target=\"_self\">68 VIVIENDAS &#8220;LAS JOYAS&#8221; ESTEPONA<\/a><\/h2><div class=\"tg-item-footer\"><span class=\"tg-item-author\"><a href=\"https:\/\/momaa.es\/en\/author\/momaa\/\" target=\"_self\" style=\"color:#ffffff\">Andres Moreno Mateo<\/a><\/span><a id=\"tolb-30384509\" class=\"tg-media-button\" data-tolb-src=\"https:\/\/momaa.es\/wp-content\/uploads\/2026\/02\/AECA_68-VIVIENDAS_ARANA_ESTEPONA-7.jpg\" data-tolb-type=\"image\" data-tolb-alt=\"AECA_68 VIVIENDAS_ARA\u00d1A_ESTEPONA (7)\"><i class=\"tg-icon-add\"><\/i><\/a><\/div><\/div><\/div><\/div><\/article><!-- The Grid item #67 --><article class=\"tg-item tg-post-4538 brasilia f78 f38 f44\" data-date=\"1771189724\" data-row=\"1\" data-col=\"1\"><div class=\"tg-item-inner\"><div class=\"tg-item-media-holder tg-light\"><div class=\"tg-item-media-inner\"><div class=\"tg-item-image\" style=\"background-image: url(https:\/\/momaa.es\/wp-content\/uploads\/2025\/03\/Marbella_Consistorio_Ayuntamiento_rehabilitacion.jpg)\"><\/div><\/div><div class=\"tg-item-overlay\"><\/div><div class=\"tg-item-content\"><a class=\"tg-item-link\" href=\"https:\/\/momaa.es\/en\/rehabilitacion-edfificio-consistorial-exmo-ayuntamiento-de-marbella\/\" target=\"_self\"><\/a><span class=\"tg-cats-holder\"><a class=\"category\" href=\"https:\/\/momaa.es\/category\/chronology\/2026\/\" rel=\"category\"><span class=\"tg-item-term\" >2026<\/span><\/a><span>, <\/span><a class=\"category\" href=\"https:\/\/momaa.es\/en\/category\/public-space\/\" rel=\"category\"><span class=\"tg-item-term\" >PUBLIC SPACE<\/span><\/a><span>, <\/span><a class=\"category\" href=\"https:\/\/momaa.es\/en\/category\/town-planning\/\" rel=\"category\"><span class=\"tg-item-term\" >TOWN PLANNING<\/span><\/a><\/span><h2 class=\"tg-item-title\"><a href=\"https:\/\/momaa.es\/en\/rehabilitacion-edfificio-consistorial-exmo-ayuntamiento-de-marbella\/\" target=\"_self\">REHABILITACION EDIFICIO CONSISTORIAL EXMO. AYUNTAMIENTO DE MARBELLA<\/a><\/h2><div class=\"tg-item-footer\"><span class=\"tg-item-author\"><a href=\"https:\/\/momaa.es\/en\/author\/momaa\/\" target=\"_self\" style=\"color:#ffffff\">Andres Moreno Mateo<\/a><\/span><a id=\"tolb-30384538\" class=\"tg-media-button\" data-tolb-src=\"https:\/\/momaa.es\/wp-content\/uploads\/2025\/03\/Marbella_Consistorio_Ayuntamiento_rehabilitacion.jpg\" data-tolb-type=\"image\" data-tolb-alt=\"Marbella_Consistorio_Ayuntamiento_rehabilitacion\"><i class=\"tg-icon-add\"><\/i><\/a><\/div><\/div><\/div><\/div><\/article><\/div><!-- The Grid Area Bottom 2 --><div class=\"tg-grid-area-bottom2\"><div class=\"tg-filters-holder\"><div class=\"tg-filter tg-nav-color tg-nav-border tg-nav-font\" data-taxo=\"category\" data-filter=\".f37\"><span class=\"tg-filter-name tg-nav-color tg-nav-font\">EDUCATIONAL<\/span><\/div><div class=\"tg-filter tg-nav-color tg-nav-border tg-nav-font\" data-taxo=\"category\" data-filter=\".f38\"><span class=\"tg-filter-name tg-nav-color tg-nav-font\">PUBLIC SPACE<\/span><\/div><div class=\"tg-filter tg-nav-color tg-nav-border tg-nav-font\" data-taxo=\"category\" data-filter=\".f43\"><span class=\"tg-filter-name tg-nav-color tg-nav-font\">RESIDENTIAL<\/span><\/div><div class=\"tg-filter tg-nav-color tg-nav-border tg-nav-font\" data-taxo=\"category\" data-filter=\".f44\"><span class=\"tg-filter-name tg-nav-color tg-nav-font\">TOWN PLANNING<\/span><\/div><div class=\"tg-filter tg-nav-color tg-nav-border tg-nav-font\" data-taxo=\"category\" data-filter=\".f67\"><span class=\"tg-filter-name tg-nav-color tg-nav-font\">INTERIOR DESIGN<\/span><\/div><\/div><\/div><\/div><!-- The Grid Wrapper End -->\t<\/div>\n\t\t\t\t<\/div>\n\t\t\t\t<\/div>\n\t\t\t\t\t\t<\/div>\n\t\t\t\t\t<\/div>\n\t\t<\/div>\n\t\t\t\t\t\t\t\t<\/div>\n\t\t\t\t\t<\/div>\n\t\t<\/section>\n\t\t\t\t<section class=\"elementor-section elementor-top-section elementor-element elementor-element-80b82d5 elementor-section-boxed elementor-section-height-default elementor-section-height-default\" data-id=\"80b82d5\" data-element_type=\"section\">\n\t\t\t\t\t\t<div class=\"elementor-container elementor-column-gap-narrow\">\n\t\t\t\t\t\t\t<div class=\"elementor-row\">\n\t\t\t\t\t<div class=\"elementor-column elementor-col-33 elementor-top-column elementor-element elementor-element-71961f21\" data-id=\"71961f21\" data-element_type=\"column\">\n\t\t\t<div class=\"elementor-column-wrap elementor-element-populated\">\n\t\t\t\t\t\t\t<div class=\"elementor-widget-wrap\">\n\t\t\t\t\t\t<div class=\"elementor-element elementor-element-5d3f988d elementor-widget elementor-widget-text-editor\" data-id=\"5d3f988d\" data-element_type=\"widget\" data-widget_type=\"text-editor.default\">\n\t\t\t\t<div class=\"elementor-widget-container\">\n\t\t\t\t\t\t\t\t<div class=\"elementor-text-editor elementor-clearfix\">\n\t\t\t\t<div class=\"sub-menu\" style=\"text-align: left;\"><a href=\"https:\/\/momaa.es\/en\/\">HOME<\/a><\/div>\t\t\t\t\t<\/div>\n\t\t\t\t\t\t<\/div>\n\t\t\t\t<\/div>\n\t\t\t\t\t\t<\/div>\n\t\t\t\t\t<\/div>\n\t\t<\/div>\n\t\t\t\t<div class=\"elementor-column elementor-col-33 elementor-top-column elementor-element elementor-element-2cadf769\" data-id=\"2cadf769\" data-element_type=\"column\">\n\t\t\t<div class=\"elementor-column-wrap elementor-element-populated\">\n\t\t\t\t\t\t\t<div class=\"elementor-widget-wrap\">\n\t\t\t\t\t\t<div class=\"elementor-element elementor-element-d486359 elementor-widget elementor-widget-text-editor\" data-id=\"d486359\" data-element_type=\"widget\" data-widget_type=\"text-editor.default\">\n\t\t\t\t<div class=\"elementor-widget-container\">\n\t\t\t\t\t\t\t\t<div class=\"elementor-text-editor elementor-clearfix\">\n\t\t\t\t<div class=\"sub-menu\"><a href=\"https:\/\/momaa.es\/en\/cronologia\/\">CHRONOLOGY<\/a><\/div>\t\t\t\t\t<\/div>\n\t\t\t\t\t\t<\/div>\n\t\t\t\t<\/div>\n\t\t\t\t\t\t<\/div>\n\t\t\t\t\t<\/div>\n\t\t<\/div>\n\t\t\t\t<div class=\"elementor-column elementor-col-33 elementor-top-column elementor-element elementor-element-83e5ec7\" data-id=\"83e5ec7\" data-element_type=\"column\">\n\t\t\t<div class=\"elementor-column-wrap elementor-element-populated\">\n\t\t\t\t\t\t\t<div class=\"elementor-widget-wrap\">\n\t\t\t\t\t\t<div class=\"elementor-element elementor-element-264b8a8c elementor-widget elementor-widget-text-editor\" data-id=\"264b8a8c\" data-element_type=\"widget\" data-widget_type=\"text-editor.default\">\n\t\t\t\t<div class=\"elementor-widget-container\">\n\t\t\t\t\t\t\t\t<div class=\"elementor-text-editor elementor-clearfix\">\n\t\t\t\t<div class=\"sub-menu\"><a href=\"https:\/\/momaa.es\/en\/programatico\/\">PROGRAMMATIC<\/a><\/div>\t\t\t\t\t<\/div>\n\t\t\t\t\t\t<\/div>\n\t\t\t\t<\/div>\n\t\t\t\t\t\t<\/div>\n\t\t\t\t\t<\/div>\n\t\t<\/div>\n\t\t\t\t\t\t\t\t<\/div>\n\t\t\t\t\t<\/div>\n\t\t<\/section>\n\t\t\t\t\t\t<\/div>\n\t\t\t\t\t\t<\/div>\n\t\t\t\t\t<\/div>\n\t\t ","protected":false},"excerpt":{"rendered":"<p>HOMECHRONOLOGYPROGRAMMATIC<\/p>\n","protected":false},"author":1,"featured_media":0,"parent":0,"menu_order":0,"comment_status":"closed","ping_status":"closed","template":"","meta":[],"yoast_head":"<!-- This site is optimized with the Yoast SEO plugin v17.4 - https:\/\/yoast.com\/wordpress\/plugins\/seo\/ -->\n<title>PROGRAMMATIC MoMaA | Moreno Mateo Architects<\/title>\n<meta name=\"description\" content=\"Programmed by MoMaA Marbella, your architectural studio in San Pedro Alc\u00e1ntara with years of experience.\" \/>\n<meta name=\"robots\" content=\"index, follow, max-snippet:-1, max-image-preview:large, max-video-preview:-1\" \/>\n<link rel=\"canonical\" href=\"https:\/\/momaa.es\/en\/programatico\/\" \/>\n<meta property=\"og:locale\" content=\"en_US\" \/>\n<meta property=\"og:type\" content=\"article\" \/>\n<meta property=\"og:title\" content=\"PROGRAMMATIC MoMaA | Moreno Mateo Architects\" \/>\n<meta property=\"og:description\" content=\"Programmed by MoMaA Marbella, your architectural studio in San Pedro Alc\u00e1ntara with years of experience.\" \/>\n<meta property=\"og:url\" content=\"https:\/\/momaa.es\/en\/programatico\/\" \/>\n<meta property=\"og:site_name\" content=\"Moreno Mateo Architects\" \/>\n<meta property=\"article:modified_time\" content=\"2020-09-03T09:58:45+00:00\" \/>\n<meta name=\"twitter:card\" content=\"summary_large_image\" \/>\n<script type=\"application\/ld+json\" class=\"yoast-schema-graph\">{\"@context\":\"https:\/\/schema.org\",\"@graph\":[{\"@type\":\"WebSite\",\"@id\":\"https:\/\/momaa.es\/#website\",\"url\":\"https:\/\/momaa.es\/\",\"name\":\"Moreno Mateo Architects\",\"description\":\"Arquitectura | Urbanismo | Dise\\u00f1o\",\"potentialAction\":[{\"@type\":\"SearchAction\",\"target\":{\"@type\":\"EntryPoint\",\"urlTemplate\":\"https:\/\/momaa.es\/?s={search_term_string}\"},\"query-input\":\"required name=search_term_string\"}],\"inLanguage\":\"en-US\"},{\"@type\":\"WebPage\",\"@id\":\"https:\/\/momaa.es\/en\/programatico\/#webpage\",\"url\":\"https:\/\/momaa.es\/en\/programatico\/\",\"name\":\"PROGRAMMATIC MoMaA | Moreno Mateo Architects\",\"isPartOf\":{\"@id\":\"https:\/\/momaa.es\/#website\"},\"datePublished\":\"2019-11-25T10:58:33+00:00\",\"dateModified\":\"2020-09-03T09:58:45+00:00\",\"description\":\"Programmed by MoMaA Marbella, your architectural studio in San Pedro Alc\\u00e1ntara with years of experience.\",\"breadcrumb\":{\"@id\":\"https:\/\/momaa.es\/en\/programatico\/#breadcrumb\"},\"inLanguage\":\"en-US\",\"potentialAction\":[{\"@type\":\"ReadAction\",\"target\":[\"https:\/\/momaa.es\/en\/programatico\/\"]}]},{\"@type\":\"BreadcrumbList\",\"@id\":\"https:\/\/momaa.es\/en\/programatico\/#breadcrumb\",\"itemListElement\":[{\"@type\":\"ListItem\",\"position\":1,\"name\":\"Portada\",\"item\":\"https:\/\/momaa.es\/en\/\"},{\"@type\":\"ListItem\",\"position\":2,\"name\":\"PROGRAMMATIC\"}]}]}<\/script>\n<!-- \/ Yoast SEO plugin. -->","yoast_head_json":{"title":"PROGRAMMATIC MoMaA | Moreno Mateo Architects","description":"Programmed by MoMaA Marbella, your architectural studio in San Pedro Alc\u00e1ntara with years of experience.","robots":{"index":"index","follow":"follow","max-snippet":"max-snippet:-1","max-image-preview":"max-image-preview:large","max-video-preview":"max-video-preview:-1"},"canonical":"https:\/\/momaa.es\/en\/programatico\/","og_locale":"en_US","og_type":"article","og_title":"PROGRAMMATIC MoMaA | Moreno Mateo Architects","og_description":"Programmed by MoMaA Marbella, your architectural studio in San Pedro Alc\u00e1ntara with years of experience.","og_url":"https:\/\/momaa.es\/en\/programatico\/","og_site_name":"Moreno Mateo Architects","article_modified_time":"2020-09-03T09:58:45+00:00","twitter_card":"summary_large_image","schema":{"@context":"https:\/\/schema.org","@graph":[{"@type":"WebSite","@id":"https:\/\/momaa.es\/#website","url":"https:\/\/momaa.es\/","name":"Moreno Mateo Architects","description":"Arquitectura | Urbanismo | Dise\u00f1o","potentialAction":[{"@type":"SearchAction","target":{"@type":"EntryPoint","urlTemplate":"https:\/\/momaa.es\/?s={search_term_string}"},"query-input":"required name=search_term_string"}],"inLanguage":"en-US"},{"@type":"WebPage","@id":"https:\/\/momaa.es\/en\/programatico\/#webpage","url":"https:\/\/momaa.es\/en\/programatico\/","name":"PROGRAMMATIC MoMaA | Moreno Mateo Architects","isPartOf":{"@id":"https:\/\/momaa.es\/#website"},"datePublished":"2019-11-25T10:58:33+00:00","dateModified":"2020-09-03T09:58:45+00:00","description":"Programmed by MoMaA Marbella, your architectural studio in San Pedro Alc\u00e1ntara with years of experience.","breadcrumb":{"@id":"https:\/\/momaa.es\/en\/programatico\/#breadcrumb"},"inLanguage":"en-US","potentialAction":[{"@type":"ReadAction","target":["https:\/\/momaa.es\/en\/programatico\/"]}]},{"@type":"BreadcrumbList","@id":"https:\/\/momaa.es\/en\/programatico\/#breadcrumb","itemListElement":[{"@type":"ListItem","position":1,"name":"Portada","item":"https:\/\/momaa.es\/en\/"},{"@type":"ListItem","position":2,"name":"PROGRAMMATIC"}]}]}},"_links":{"self":[{"href":"https:\/\/momaa.es\/en\/wp-json\/wp\/v2\/pages\/3028"}],"collection":[{"href":"https:\/\/momaa.es\/en\/wp-json\/wp\/v2\/pages"}],"about":[{"href":"https:\/\/momaa.es\/en\/wp-json\/wp\/v2\/types\/page"}],"author":[{"embeddable":true,"href":"https:\/\/momaa.es\/en\/wp-json\/wp\/v2\/users\/1"}],"replies":[{"embeddable":true,"href":"https:\/\/momaa.es\/en\/wp-json\/wp\/v2\/comments?post=3028"}],"version-history":[{"count":3,"href":"https:\/\/momaa.es\/en\/wp-json\/wp\/v2\/pages\/3028\/revisions"}],"predecessor-version":[{"id":3042,"href":"https:\/\/momaa.es\/en\/wp-json\/wp\/v2\/pages\/3028\/revisions\/3042"}],"wp:attachment":[{"href":"https:\/\/momaa.es\/en\/wp-json\/wp\/v2\/media?parent=3028"}],"curies":[{"name":"wp","href":"https:\/\/api.w.org\/{rel}","templated":true}]}}